{"id":16,"date":"2025-11-27T20:41:52","date_gmt":"2025-11-27T20:41:52","guid":{"rendered":"https:\/\/cespad.org.hn\/mujeres\/?page_id=16"},"modified":"2026-03-27T19:00:11","modified_gmt":"2026-03-27T19:00:11","slug":"%e2%81%a0eventos","status":"publish","type":"page","link":"https:\/\/cespad.org.hn\/mujeres\/%e2%81%a0eventos\/","title":{"rendered":"Eventos"},"content":{"rendered":"\t\t<div data-elementor-type=\"wp-page\" data-elementor-id=\"16\" class=\"elementor elementor-16\" data-elementor-post-type=\"page\">\n\t\t\t\t<div class=\"elementor-element elementor-element-01eff00 e-flex e-con-boxed wpr-particle-no wpr-jarallax-no wpr-parallax-no wpr-sticky-section-no e-con e-parent\" data-id=\"01eff00\" data-element_type=\"container\" data-e-type=\"container\">\n\t\t\t\t\t<div class=\"e-con-inner\">\n\t\t\t\t<div class=\"elementor-element elementor-element-836c713 elementor-widget elementor-widget-spacer\" data-id=\"836c713\" data-element_type=\"widget\" data-e-type=\"widget\" data-widget_type=\"spacer.default\">\n\t\t\t\t\t\t\t<div class=\"elementor-spacer\">\n\t\t\t<div class=\"elementor-spacer-inner\"><\/div>\n\t\t<\/div>\n\t\t\t\t\t\t<\/div>\n\t\t\t\t\t<\/div>\n\t\t\t\t<\/div>\n\t\t<div class=\"elementor-element elementor-element-229d22b e-flex e-con-boxed wpr-particle-no wpr-jarallax-no wpr-parallax-no wpr-sticky-section-no e-con e-parent\" data-id=\"229d22b\" data-element_type=\"container\" data-e-type=\"container\">\n\t\t\t\t\t<div class=\"e-con-inner\">\n\t\t\t\t<div class=\"elementor-element elementor-element-55bce2b section-title-style-default section-title-align-center elementor-widget elementor-widget-tpg-section-title\" data-id=\"55bce2b\" data-element_type=\"widget\" data-e-type=\"widget\" data-widget_type=\"tpg-section-title.default\">\n\t\t\t\t<div class=\"elementor-widget-container\">\n\t\t\t\t\t\t\t<div class=\"rt-container-fluid rt-tpg-container tpg-el-main-wrapper clearfix  section-title-style-default section-title-align-center\">\n\t\t\t<div class='tpg-header-wrapper'>\n        <div class=\"tpg-widget-heading-wrapper rt-clear heading-default \">\n            <span class=\"tpg-widget-heading-line line-left\"><\/span>\n\t\t\t<h1 class='tpg-widget-heading'>\n\t\t\t\n\t\t\t\t                    <span>\n\t\t\t\t\t\tEventos\t\t\t\t\t<\/span>\n\t\t\t\t\t\n\t\t\t\t\t\t\t<\/h1>            <span class=\"tpg-widget-heading-line line-right\"><\/span>\n\n\t\t\t\n        <\/div>\n\n\t\t\n\t\t<\/div>\t\t<\/div>\n\t\t\t\t\t\t<\/div>\n\t\t\t\t<\/div>\n\t\t\t\t\t<\/div>\n\t\t\t\t<\/div>\n\t\t<div class=\"elementor-element elementor-element-7006199 e-flex e-con-boxed wpr-particle-no wpr-jarallax-no wpr-parallax-no wpr-sticky-section-no e-con e-parent\" data-id=\"7006199\" data-element_type=\"container\" data-e-type=\"container\">\n\t\t\t\t\t<div class=\"e-con-inner\">\n\t\t\t\t<div class=\"elementor-element elementor-element-b70eacd meta-visibility-show title_position_default title_hover_border_default title-default img_hover_animation_default meta_position_default readmore-btn-default-style grid-hover-overlay-type-always tpg-el-box-border-enable tpg-border-bottom-disable elementor-widget elementor-widget-tpg-grid-layout\" data-id=\"b70eacd\" data-element_type=\"widget\" data-e-type=\"widget\" data-widget_type=\"tpg-grid-layout.default\">\n\t\t\t\t<div class=\"elementor-widget-container\">\n\t\t\t\t\t\t\t<div class=\"rt-container-fluid rt-tpg-container tpg-el-main-wrapper clearfix grid-layout3-main \"\n\t\t\t id=\"rt-tpg-container-1350470221\"\n\t\t\t data-layout=\"grid-layout3\"\n\t\t\t data-grid-style=\"tpg-full-height\"\n\t\t\t data-sc-id=\"elementor\"\n\t\t\t data-el-settings=''\n\t\t\t data-el-query=''\n\t\t\t data-el-path=''\n\t\t>\n\t\t\t\t\t\t<div class='tpg-header-wrapper '>\n\t\t\t\t\t\t\t<\/div>\n\n\t\t\t<div data-title=\"Loading ...\" class=\"rt-row rt-content-loader grid-layout3 grid-behaviour tpg-full-height grid_layout_wrapper\">\n\t\t\t\t\n<div class=\"rt-col-md-4 rt-col-sm-6 rt-col-xs-12 default rt-grid-item\" data-id=\"841\">\n\t<div class=\"rt-holder tpg-post-holder \">\n\t\t<div class=\"rt-detail rt-el-content-wrapper\">\n\t\t\t\t\t\t\t<div class=\"rt-img-holder tpg-el-image-wrap has-thumbnail\">\n\t\t\t\t\t<a data-id=\"841\" href=\"https:\/\/cespad.org.hn\/mujeres\/lideresas-rurales-del-departamento-de-la-paz-fortalecen-las-capacidades-de-mujeres-en-sus-redes-comunitarias\/\" class=\"tpg-post-link\" target=\"_self\">                        <img fetchpriority=\"high\" decoding=\"async\" src=\"https:\/\/cespad.org.hn\/mujeres\/wp-content\/uploads\/2026\/03\/PORTADA-NOTA-DE-PRENSE-REPLICAS-SANTA-MARIA-MARCALA-Y-LA-PAZ-768x461.png\"\n                             class=\"rt-img-responsive\"\n                             width=\"768\"\n                             height=\"461\"\n                             alt=\"Lideresas rurales del departamento de La Paz fortalecen las capacidades de mujeres en sus redes comunitarias\">\n\t\t\t\t\t\t\n\t\t\t\t\t\t\t\n\t\t<\/a>\n\t\t        <div class=\"overlay grid-hover-content\"><\/div>\n\t\t\t\t\t\t<\/div>\n\t\t\t\n\n\t\t\t<div class=\"entry-title-wrapper\"><h3 class=\"entry-title\"><a data-id=\"841\" href=\"https:\/\/cespad.org.hn\/mujeres\/lideresas-rurales-del-departamento-de-la-paz-fortalecen-las-capacidades-de-mujeres-en-sus-redes-comunitarias\/\" class=\"tpg-post-link\" target=\"_self\">Lideresas rurales del departamento de La Paz fortalecen las capacidades de mujeres en sus redes comunitarias<\/a><\/h3><\/div>\n\t\t\t\t\t\t\t<div class=\"post-meta-tags rt-el-post-meta\">\n\t\t\t\t\t            <span class='date'>\n\t\t\t\t<i class='far fa-calendar-alt '><\/i>\t\t\t\t                    <a href=\"https:\/\/cespad.org.hn\/mujeres\/2026\/02\/20\/\">\n\t\t\t\t\tfebrero 20, 2026\t\t\t\t<\/a>\n\t\t\t\t\t\t\t<\/span>\n\t\t\t\t\t\t\t<\/div>\n\t\t\t\n\t\t\t\t\t\t\t<div class=\"tpg-excerpt tpg-el-excerpt\">\n\t\t\t\t\t\t\t\t\t\t\t<div class=\"tpg-excerpt-inner\">\n\t\t\t\t\t\t\tEscrito por Paula Servell\u00f3n Sentadas en grupos y con cuestionarios en mano, las mujeres de las redes de Marcala, La Paz y Santa Mar\u00eda comenzaron a responder preguntas clave la importancia de sus...\t\t\t\t\t\t<\/div>\n\t\t\t\t\t\t\t\t\t\t\t\t\t\t<\/div>\n\t\t\t\n\t\t\t        <div class=\"post-footer\">\n            <div class=\"post-footer\">\n                <div class=\"read-more\">\n\t\t\t\t\t<a data-id=\"841\" href=\"https:\/\/cespad.org.hn\/mujeres\/lideresas-rurales-del-departamento-de-la-paz-fortalecen-las-capacidades-de-mujeres-en-sus-redes-comunitarias\/\" class=\"tpg-post-link\" target=\"_self\">Leer m\u00e1s<\/a>                <\/div>\n            <\/div>\n        <\/div>\n\t\t\t\t<\/div>\n\t<\/div>\n<\/div>\n\n<div class=\"rt-col-md-4 rt-col-sm-6 rt-col-xs-12 default rt-grid-item\" data-id=\"849\">\n\t<div class=\"rt-holder tpg-post-holder \">\n\t\t<div class=\"rt-detail rt-el-content-wrapper\">\n\t\t\t\t\t\t\t<div class=\"rt-img-holder tpg-el-image-wrap has-thumbnail\">\n\t\t\t\t\t<a data-id=\"849\" href=\"https:\/\/cespad.org.hn\/mujeres\/lideresas-de-redes-de-mujeres-fortalecen-las-capacidades-de-incidencia-politica-en-sus-comunidades\/\" class=\"tpg-post-link\" target=\"_self\">                        <img decoding=\"async\" src=\"https:\/\/cespad.org.hn\/mujeres\/wp-content\/uploads\/2026\/03\/242-768x461.png\"\n                             class=\"rt-img-responsive\"\n                             width=\"768\"\n                             height=\"461\"\n                             alt=\"Lideresas de redes de mujeres fortalecen las capacidades de incidencia pol\u00edtica en sus comunidades\">\n\t\t\t\t\t\t\n\t\t\t\t\t\t\t\n\t\t<\/a>\n\t\t        <div class=\"overlay grid-hover-content\"><\/div>\n\t\t\t\t\t\t<\/div>\n\t\t\t\n\n\t\t\t<div class=\"entry-title-wrapper\"><h3 class=\"entry-title\"><a data-id=\"849\" href=\"https:\/\/cespad.org.hn\/mujeres\/lideresas-de-redes-de-mujeres-fortalecen-las-capacidades-de-incidencia-politica-en-sus-comunidades\/\" class=\"tpg-post-link\" target=\"_self\">Lideresas de redes de mujeres fortalecen las capacidades de incidencia pol\u00edtica en sus comunidades<\/a><\/h3><\/div>\n\t\t\t\t\t\t\t<div class=\"post-meta-tags rt-el-post-meta\">\n\t\t\t\t\t            <span class='date'>\n\t\t\t\t<i class='far fa-calendar-alt '><\/i>\t\t\t\t                    <a href=\"https:\/\/cespad.org.hn\/mujeres\/2026\/02\/06\/\">\n\t\t\t\t\tfebrero 6, 2026\t\t\t\t<\/a>\n\t\t\t\t\t\t\t<\/span>\n\t\t\t\t\t\t\t<\/div>\n\t\t\t\n\t\t\t\t\t\t\t<div class=\"tpg-excerpt tpg-el-excerpt\">\n\t\t\t\t\t\t\t\t\t\t\t<div class=\"tpg-excerpt-inner\">\n\t\t\t\t\t\t\tEscrito por Paula Servell\u00f3n En un contexto marcado por profundas desigualdades y barreras estructurales que hist\u00f3ricamente han limitado el acceso de las mujeres a los espacios de toma de decisi\u00f3n, el...\t\t\t\t\t\t<\/div>\n\t\t\t\t\t\t\t\t\t\t\t\t\t\t<\/div>\n\t\t\t\n\t\t\t        <div class=\"post-footer\">\n            <div class=\"post-footer\">\n                <div class=\"read-more\">\n\t\t\t\t\t<a data-id=\"849\" href=\"https:\/\/cespad.org.hn\/mujeres\/lideresas-de-redes-de-mujeres-fortalecen-las-capacidades-de-incidencia-politica-en-sus-comunidades\/\" class=\"tpg-post-link\" target=\"_self\">Leer m\u00e1s<\/a>                <\/div>\n            <\/div>\n        <\/div>\n\t\t\t\t<\/div>\n\t<\/div>\n<\/div>\n\n<div class=\"rt-col-md-4 rt-col-sm-6 rt-col-xs-12 default rt-grid-item\" data-id=\"39\">\n\t<div class=\"rt-holder tpg-post-holder \">\n\t\t<div class=\"rt-detail rt-el-content-wrapper\">\n\t\t\t\t\t\t\t<div class=\"rt-img-holder tpg-el-image-wrap has-thumbnail\">\n\t\t\t\t\t<a data-id=\"39\" href=\"https:\/\/cespad.org.hn\/mujeres\/segundo-monitoreo-del-cespad-un-compromiso-cosmetico-y-discursos-inconsistentes-y-superficiales\/\" class=\"tpg-post-link\" target=\"_self\">                        <img decoding=\"async\" src=\"https:\/\/cespad.org.hn\/mujeres\/wp-content\/uploads\/2025\/11\/ej03-768x432.webp\"\n                             class=\"rt-img-responsive\"\n                             width=\"768\"\n                             height=\"432\"\n                             alt=\"Segundo monitoreo del CESPAD: un compromiso \u00abcosm\u00e9tico\u00bb y discursos inconsistentes y superficiales\">\n\t\t\t\t\t\t\n\t\t\t\t\t\t\t\n\t\t<\/a>\n\t\t        <div class=\"overlay grid-hover-content\"><\/div>\n\t\t\t\t\t\t<\/div>\n\t\t\t\n\n\t\t\t<div class=\"entry-title-wrapper\"><h3 class=\"entry-title\"><a data-id=\"39\" href=\"https:\/\/cespad.org.hn\/mujeres\/segundo-monitoreo-del-cespad-un-compromiso-cosmetico-y-discursos-inconsistentes-y-superficiales\/\" class=\"tpg-post-link\" target=\"_self\">Segundo monitoreo del CESPAD: un compromiso \u00abcosm\u00e9tico\u00bb y discursos inconsistentes y superficiales<\/a><\/h3><\/div>\n\t\t\t\t\t\t\t<div class=\"post-meta-tags rt-el-post-meta\">\n\t\t\t\t\t            <span class='date'>\n\t\t\t\t<i class='far fa-calendar-alt '><\/i>\t\t\t\t                    <a href=\"https:\/\/cespad.org.hn\/mujeres\/2025\/11\/27\/\">\n\t\t\t\t\tnoviembre 27, 2025\t\t\t\t<\/a>\n\t\t\t\t\t\t\t<\/span>\n\t\t\t\t\t\t\t<\/div>\n\t\t\t\n\t\t\t\t\t\t\t<div class=\"tpg-excerpt tpg-el-excerpt\">\n\t\t\t\t\t\t\t\t\t\t\t<div class=\"tpg-excerpt-inner\">\n\t\t\t\t\t\t\tEl Centro de Estudio para la Democracia (CESPAD), present\u00f3 el segundo informe de monitoreo, titulado: \u201cEntre la menci\u00f3n y la omisi\u00f3n: presentaci\u00f3n del monitoreo N0.2. Nuevos hallazgos y tendencias de...\t\t\t\t\t\t<\/div>\n\t\t\t\t\t\t\t\t\t\t\t\t\t\t<\/div>\n\t\t\t\n\t\t\t        <div class=\"post-footer\">\n            <div class=\"post-footer\">\n                <div class=\"read-more\">\n\t\t\t\t\t<a data-id=\"39\" href=\"https:\/\/cespad.org.hn\/mujeres\/segundo-monitoreo-del-cespad-un-compromiso-cosmetico-y-discursos-inconsistentes-y-superficiales\/\" class=\"tpg-post-link\" target=\"_self\">Leer m\u00e1s<\/a>                <\/div>\n            <\/div>\n        <\/div>\n\t\t\t\t<\/div>\n\t<\/div>\n<\/div>\n\n<div class=\"rt-col-md-4 rt-col-sm-6 rt-col-xs-12 default rt-grid-item\" data-id=\"36\">\n\t<div class=\"rt-holder tpg-post-holder \">\n\t\t<div class=\"rt-detail rt-el-content-wrapper\">\n\t\t\t\t\t\t\t<div class=\"rt-img-holder tpg-el-image-wrap has-thumbnail\">\n\t\t\t\t\t<a data-id=\"36\" href=\"https:\/\/cespad.org.hn\/mujeres\/mujeres-organizadas-transforman-el-arte-en-demandas-politicas-y-en-una-reinterpretacion-de-la-lucha-historica\/\" class=\"tpg-post-link\" target=\"_self\">                        <img loading=\"lazy\" decoding=\"async\" src=\"https:\/\/cespad.org.hn\/mujeres\/wp-content\/uploads\/2025\/11\/ej02-768x576.webp\"\n                             class=\"rt-img-responsive\"\n                             width=\"768\"\n                             height=\"576\"\n                             alt=\"Mujeres organizadas transforman el arte en demandas pol\u00edticas y en una reinterpretaci\u00f3n de la lucha hist\u00f3rica\">\n\t\t\t\t\t\t\n\t\t\t\t\t\t\t\n\t\t<\/a>\n\t\t        <div class=\"overlay grid-hover-content\"><\/div>\n\t\t\t\t\t\t<\/div>\n\t\t\t\n\n\t\t\t<div class=\"entry-title-wrapper\"><h3 class=\"entry-title\"><a data-id=\"36\" href=\"https:\/\/cespad.org.hn\/mujeres\/mujeres-organizadas-transforman-el-arte-en-demandas-politicas-y-en-una-reinterpretacion-de-la-lucha-historica\/\" class=\"tpg-post-link\" target=\"_self\">Mujeres organizadas transforman el arte en demandas pol\u00edticas y en una reinterpretaci\u00f3n de la lucha hist\u00f3rica<\/a><\/h3><\/div>\n\t\t\t\t\t\t\t<div class=\"post-meta-tags rt-el-post-meta\">\n\t\t\t\t\t            <span class='date'>\n\t\t\t\t<i class='far fa-calendar-alt '><\/i>\t\t\t\t                    <a href=\"https:\/\/cespad.org.hn\/mujeres\/2025\/11\/27\/\">\n\t\t\t\t\tnoviembre 27, 2025\t\t\t\t<\/a>\n\t\t\t\t\t\t\t<\/span>\n\t\t\t\t\t\t\t<\/div>\n\t\t\t\n\t\t\t\t\t\t\t<div class=\"tpg-excerpt tpg-el-excerpt\">\n\t\t\t\t\t\t\t\t\t\t\t<div class=\"tpg-excerpt-inner\">\n\t\t\t\t\t\t\tCon dos intervenciones art\u00edsticas: \u201cLa Mariposa\u201d y \u201cTejiendo Voces\u201d, el Centro de Estudio para la Democracia (CESPAD), junto a las organizaciones que lideran el proyecto \u201cNosotras Construyendo...\t\t\t\t\t\t<\/div>\n\t\t\t\t\t\t\t\t\t\t\t\t\t\t<\/div>\n\t\t\t\n\t\t\t        <div class=\"post-footer\">\n            <div class=\"post-footer\">\n                <div class=\"read-more\">\n\t\t\t\t\t<a data-id=\"36\" href=\"https:\/\/cespad.org.hn\/mujeres\/mujeres-organizadas-transforman-el-arte-en-demandas-politicas-y-en-una-reinterpretacion-de-la-lucha-historica\/\" class=\"tpg-post-link\" target=\"_self\">Leer m\u00e1s<\/a>                <\/div>\n            <\/div>\n        <\/div>\n\t\t\t\t<\/div>\n\t<\/div>\n<\/div>\n\n<div class=\"rt-col-md-4 rt-col-sm-6 rt-col-xs-12 default rt-grid-item\" data-id=\"888\">\n\t<div class=\"rt-holder tpg-post-holder \">\n\t\t<div class=\"rt-detail rt-el-content-wrapper\">\n\t\t\t\t\t\t\t<div class=\"rt-img-holder tpg-el-image-wrap has-thumbnail\">\n\t\t\t\t\t<a data-id=\"888\" href=\"https:\/\/cespad.org.hn\/mujeres\/en-imagenes-asi-culmino-encuentro-de-defensoras-de-los-bienes-comunes-de-la-naturaleza\/\" class=\"tpg-post-link\" target=\"_self\">                        <img loading=\"lazy\" decoding=\"async\" src=\"https:\/\/cespad.org.hn\/mujeres\/wp-content\/uploads\/2026\/03\/IMG_0154-2-2048x1190-1-768x446.jpg\"\n                             class=\"rt-img-responsive\"\n                             width=\"768\"\n                             height=\"446\"\n                             alt=\"En im\u00e1genes, as\u00ed culmin\u00f3 Encuentro de Defensoras de los Bienes Comunes de la Naturaleza\">\n\t\t\t\t\t\t\n\t\t\t\t\t\t\t\n\t\t<\/a>\n\t\t        <div class=\"overlay grid-hover-content\"><\/div>\n\t\t\t\t\t\t<\/div>\n\t\t\t\n\n\t\t\t<div class=\"entry-title-wrapper\"><h3 class=\"entry-title\"><a data-id=\"888\" href=\"https:\/\/cespad.org.hn\/mujeres\/en-imagenes-asi-culmino-encuentro-de-defensoras-de-los-bienes-comunes-de-la-naturaleza\/\" class=\"tpg-post-link\" target=\"_self\">En im\u00e1genes, as\u00ed culmin\u00f3 Encuentro de Defensoras de los Bienes Comunes de la Naturaleza<\/a><\/h3><\/div>\n\t\t\t\t\t\t\t<div class=\"post-meta-tags rt-el-post-meta\">\n\t\t\t\t\t            <span class='date'>\n\t\t\t\t<i class='far fa-calendar-alt '><\/i>\t\t\t\t                    <a href=\"https:\/\/cespad.org.hn\/mujeres\/2025\/11\/27\/\">\n\t\t\t\t\tnoviembre 27, 2025\t\t\t\t<\/a>\n\t\t\t\t\t\t\t<\/span>\n\t\t\t\t\t\t\t<\/div>\n\t\t\t\n\t\t\t\t\t\t\t<div class=\"tpg-excerpt tpg-el-excerpt\">\n\t\t\t\t\t\t\t\t\t\t\t<div class=\"tpg-excerpt-inner\">\n\t\t\t\t\t\t\tEscrito por: Nancy Garc\u00eda Son las cinco de la ma\u00f1ana. Se oyen los pasos, el agua que cae y el canto de los p\u00e1jaros. Se huele y siente el olor a caf\u00e9 y la emoci\u00f3n de las mujeres por encontrarse con el...\t\t\t\t\t\t<\/div>\n\t\t\t\t\t\t\t\t\t\t\t\t\t\t<\/div>\n\t\t\t\n\t\t\t        <div class=\"post-footer\">\n            <div class=\"post-footer\">\n                <div class=\"read-more\">\n\t\t\t\t\t<a data-id=\"888\" href=\"https:\/\/cespad.org.hn\/mujeres\/en-imagenes-asi-culmino-encuentro-de-defensoras-de-los-bienes-comunes-de-la-naturaleza\/\" class=\"tpg-post-link\" target=\"_self\">Leer m\u00e1s<\/a>                <\/div>\n            <\/div>\n        <\/div>\n\t\t\t\t<\/div>\n\t<\/div>\n<\/div>\n\n<div class=\"rt-col-md-4 rt-col-sm-6 rt-col-xs-12 default rt-grid-item\" data-id=\"868\">\n\t<div class=\"rt-holder tpg-post-holder \">\n\t\t<div class=\"rt-detail rt-el-content-wrapper\">\n\t\t\t\t\t\t\t<div class=\"rt-img-holder tpg-el-image-wrap has-thumbnail\">\n\t\t\t\t\t<a data-id=\"868\" href=\"https:\/\/cespad.org.hn\/mujeres\/entre-dudas-y-esperanzas-feministas-celebran-paridad-de-genero-en-la-eleccion-de-la-nueva-corte-suprema-de-justicia-de-honduras\/\" class=\"tpg-post-link\" target=\"_self\">                        <img loading=\"lazy\" decoding=\"async\" src=\"https:\/\/cespad.org.hn\/mujeres\/wp-content\/uploads\/2026\/03\/Diseno-sin-titulo9-768x320.png\"\n                             class=\"rt-img-responsive\"\n                             width=\"768\"\n                             height=\"320\"\n                             alt=\"Entre dudas y esperanzas, feministas celebran paridad de g\u00e9nero en la elecci\u00f3n de la nueva Corte Suprema de Justicia de Honduras\">\n\t\t\t\t\t\t\n\t\t\t\t\t\t\t\n\t\t<\/a>\n\t\t        <div class=\"overlay grid-hover-content\"><\/div>\n\t\t\t\t\t\t<\/div>\n\t\t\t\n\n\t\t\t<div class=\"entry-title-wrapper\"><h3 class=\"entry-title\"><a data-id=\"868\" href=\"https:\/\/cespad.org.hn\/mujeres\/entre-dudas-y-esperanzas-feministas-celebran-paridad-de-genero-en-la-eleccion-de-la-nueva-corte-suprema-de-justicia-de-honduras\/\" class=\"tpg-post-link\" target=\"_self\">Entre dudas y esperanzas, feministas celebran paridad de g\u00e9nero en la elecci\u00f3n de la nueva Corte Suprema de Justicia de Honduras<\/a><\/h3><\/div>\n\t\t\t\t\t\t\t<div class=\"post-meta-tags rt-el-post-meta\">\n\t\t\t\t\t            <span class='date'>\n\t\t\t\t<i class='far fa-calendar-alt '><\/i>\t\t\t\t                    <a href=\"https:\/\/cespad.org.hn\/mujeres\/2025\/11\/15\/\">\n\t\t\t\t\tnoviembre 15, 2025\t\t\t\t<\/a>\n\t\t\t\t\t\t\t<\/span>\n\t\t\t\t\t\t\t<\/div>\n\t\t\t\n\t\t\t\t\t\t\t<div class=\"tpg-excerpt tpg-el-excerpt\">\n\t\t\t\t\t\t\t\t\t\t\t<div class=\"tpg-excerpt-inner\">\n\t\t\t\t\t\t\tEscrito por: Aim\u00e9e C\u00e1rcamo La Corte Suprema de Justicia que resulte electa para el per\u00edodo 2023-2030 deber\u00e1 incluir al menos siete mujeres entre los 15 magistrados que integran el Poder Judicial...\t\t\t\t\t\t<\/div>\n\t\t\t\t\t\t\t\t\t\t\t\t\t\t<\/div>\n\t\t\t\n\t\t\t        <div class=\"post-footer\">\n            <div class=\"post-footer\">\n                <div class=\"read-more\">\n\t\t\t\t\t<a data-id=\"868\" href=\"https:\/\/cespad.org.hn\/mujeres\/entre-dudas-y-esperanzas-feministas-celebran-paridad-de-genero-en-la-eleccion-de-la-nueva-corte-suprema-de-justicia-de-honduras\/\" class=\"tpg-post-link\" target=\"_self\">Leer m\u00e1s<\/a>                <\/div>\n            <\/div>\n        <\/div>\n\t\t\t\t<\/div>\n\t<\/div>\n<\/div>\n\n<div class=\"rt-col-md-4 rt-col-sm-6 rt-col-xs-12 default rt-grid-item\" data-id=\"275\">\n\t<div class=\"rt-holder tpg-post-holder \">\n\t\t<div class=\"rt-detail rt-el-content-wrapper\">\n\t\t\t\t\t\t\t<div class=\"rt-img-holder tpg-el-image-wrap has-thumbnail\">\n\t\t\t\t\t<a data-id=\"275\" href=\"https:\/\/cespad.org.hn\/mujeres\/esto-exigen-las-mujeres-organizadas-a-la-y-los-candidatos-presidenciales-en-honduras\/\" class=\"tpg-post-link\" target=\"_self\">                        <img loading=\"lazy\" decoding=\"async\" src=\"https:\/\/cespad.org.hn\/mujeres\/wp-content\/uploads\/2025\/09\/Portada-Agrecasa3-1024x614-1-768x461.png\"\n                             class=\"rt-img-responsive\"\n                             width=\"768\"\n                             height=\"461\"\n                             alt=\"Esto exigen las mujeres organizadas a la y los candidatos presidenciales en Honduras\">\n\t\t\t\t\t\t\n\t\t\t\t\t\t\t\n\t\t<\/a>\n\t\t        <div class=\"overlay grid-hover-content\"><\/div>\n\t\t\t\t\t\t<\/div>\n\t\t\t\n\n\t\t\t<div class=\"entry-title-wrapper\"><h3 class=\"entry-title\"><a data-id=\"275\" href=\"https:\/\/cespad.org.hn\/mujeres\/esto-exigen-las-mujeres-organizadas-a-la-y-los-candidatos-presidenciales-en-honduras\/\" class=\"tpg-post-link\" target=\"_self\">Esto exigen las mujeres organizadas a la y los candidatos presidenciales en Honduras<\/a><\/h3><\/div>\n\t\t\t\t\t\t\t<div class=\"post-meta-tags rt-el-post-meta\">\n\t\t\t\t\t            <span class='date'>\n\t\t\t\t<i class='far fa-calendar-alt '><\/i>\t\t\t\t                    <a href=\"https:\/\/cespad.org.hn\/mujeres\/2025\/09\/07\/\">\n\t\t\t\t\tseptiembre 7, 2025\t\t\t\t<\/a>\n\t\t\t\t\t\t\t<\/span>\n\t\t\t\t\t\t\t<\/div>\n\t\t\t\n\t\t\t\t\t\t\t<div class=\"tpg-excerpt tpg-el-excerpt\">\n\t\t\t\t\t\t\t\t\t\t\t<div class=\"tpg-excerpt-inner\">\n\t\t\t\t\t\t\tEn conferencia de prensa, el Centro de Estudios de la Mujer de Honduras (CEM-H), El Centro de Estudio para la Democracia (CESPAD), El Foro de Mujeres Pol\u00edticas de Honduras (FMPH), Plataforma 25 de...\t\t\t\t\t\t<\/div>\n\t\t\t\t\t\t\t\t\t\t\t\t\t\t<\/div>\n\t\t\t\n\t\t\t        <div class=\"post-footer\">\n            <div class=\"post-footer\">\n                <div class=\"read-more\">\n\t\t\t\t\t<a data-id=\"275\" href=\"https:\/\/cespad.org.hn\/mujeres\/esto-exigen-las-mujeres-organizadas-a-la-y-los-candidatos-presidenciales-en-honduras\/\" class=\"tpg-post-link\" target=\"_self\">Leer m\u00e1s<\/a>                <\/div>\n            <\/div>\n        <\/div>\n\t\t\t\t<\/div>\n\t<\/div>\n<\/div>\n\n<div class=\"rt-col-md-4 rt-col-sm-6 rt-col-xs-12 default rt-grid-item\" data-id=\"307\">\n\t<div class=\"rt-holder tpg-post-holder \">\n\t\t<div class=\"rt-detail rt-el-content-wrapper\">\n\t\t\t\t\t\t\t<div class=\"rt-img-holder tpg-el-image-wrap has-thumbnail\">\n\t\t\t\t\t<a data-id=\"307\" href=\"https:\/\/cespad.org.hn\/mujeres\/las-mujeres-exigimos-compromisos-reales-pacto-social-y-fiscal-por-los-derechos-de-las-mujeres\/\" class=\"tpg-post-link\" target=\"_self\">                        <img loading=\"lazy\" decoding=\"async\" src=\"https:\/\/cespad.org.hn\/mujeres\/wp-content\/uploads\/2026\/03\/ces-02-768x461.png\"\n                             class=\"rt-img-responsive\"\n                             width=\"768\"\n                             height=\"461\"\n                             alt=\"Las mujeres exigimos compromisos reales: Pacto Social y Fiscal por los Derechos de las Mujeres\">\n\t\t\t\t\t\t\n\t\t\t\t\t\t\t\n\t\t<\/a>\n\t\t        <div class=\"overlay grid-hover-content\"><\/div>\n\t\t\t\t\t\t<\/div>\n\t\t\t\n\n\t\t\t<div class=\"entry-title-wrapper\"><h3 class=\"entry-title\"><a data-id=\"307\" href=\"https:\/\/cespad.org.hn\/mujeres\/las-mujeres-exigimos-compromisos-reales-pacto-social-y-fiscal-por-los-derechos-de-las-mujeres\/\" class=\"tpg-post-link\" target=\"_self\">Las mujeres exigimos compromisos reales: Pacto Social y Fiscal por los Derechos de las Mujeres<\/a><\/h3><\/div>\n\t\t\t\t\t\t\t<div class=\"post-meta-tags rt-el-post-meta\">\n\t\t\t\t\t            <span class='date'>\n\t\t\t\t<i class='far fa-calendar-alt '><\/i>\t\t\t\t                    <a href=\"https:\/\/cespad.org.hn\/mujeres\/2025\/09\/02\/\">\n\t\t\t\t\tseptiembre 2, 2025\t\t\t\t<\/a>\n\t\t\t\t\t\t\t<\/span>\n\t\t\t\t\t\t\t<\/div>\n\t\t\t\n\t\t\t\t\t\t\t<div class=\"tpg-excerpt tpg-el-excerpt\">\n\t\t\t\t\t\t\t\t\t\t\t<div class=\"tpg-excerpt-inner\">\n\t\t\t\t\t\t\tLas organizaciones de la Plataforma 25 de Noviembre, junto a otras organizaciones feministas y de mujeres firmantes, convocamos a esta conferencia de prensa para llamar p\u00fablicamente a la candidata y a...\t\t\t\t\t\t<\/div>\n\t\t\t\t\t\t\t\t\t\t\t\t\t\t<\/div>\n\t\t\t\n\t\t\t        <div class=\"post-footer\">\n            <div class=\"post-footer\">\n                <div class=\"read-more\">\n\t\t\t\t\t<a data-id=\"307\" href=\"https:\/\/cespad.org.hn\/mujeres\/las-mujeres-exigimos-compromisos-reales-pacto-social-y-fiscal-por-los-derechos-de-las-mujeres\/\" class=\"tpg-post-link\" target=\"_self\">Leer m\u00e1s<\/a>                <\/div>\n            <\/div>\n        <\/div>\n\t\t\t\t<\/div>\n\t<\/div>\n<\/div>\n\n<div class=\"rt-col-md-4 rt-col-sm-6 rt-col-xs-12 default rt-grid-item\" data-id=\"854\">\n\t<div class=\"rt-holder tpg-post-holder \">\n\t\t<div class=\"rt-detail rt-el-content-wrapper\">\n\t\t\t\t\t\t\t<div class=\"rt-img-holder tpg-el-image-wrap has-thumbnail\">\n\t\t\t\t\t<a data-id=\"854\" href=\"https:\/\/cespad.org.hn\/mujeres\/jovenes-concluyen-talleres-de-ciberactivismo-digital-para-promover-la-defensa-de-los-derechos-de-las-mujeres\/\" class=\"tpg-post-link\" target=\"_self\">                        <img loading=\"lazy\" decoding=\"async\" src=\"https:\/\/cespad.org.hn\/mujeres\/wp-content\/uploads\/2025\/07\/PORTADAS-2025-07-16T172251.629-768x461.png\"\n                             class=\"rt-img-responsive\"\n                             width=\"768\"\n                             height=\"461\"\n                             alt=\"J\u00f3venes concluyen talleres de ciberactivismo digital para promover la defensa de los derechos de las mujeres\">\n\t\t\t\t\t\t\n\t\t\t\t\t\t\t\n\t\t<\/a>\n\t\t        <div class=\"overlay grid-hover-content\"><\/div>\n\t\t\t\t\t\t<\/div>\n\t\t\t\n\n\t\t\t<div class=\"entry-title-wrapper\"><h3 class=\"entry-title\"><a data-id=\"854\" href=\"https:\/\/cespad.org.hn\/mujeres\/jovenes-concluyen-talleres-de-ciberactivismo-digital-para-promover-la-defensa-de-los-derechos-de-las-mujeres\/\" class=\"tpg-post-link\" target=\"_self\">J\u00f3venes concluyen talleres de ciberactivismo digital para promover la defensa de los derechos de las mujeres<\/a><\/h3><\/div>\n\t\t\t\t\t\t\t<div class=\"post-meta-tags rt-el-post-meta\">\n\t\t\t\t\t            <span class='date'>\n\t\t\t\t<i class='far fa-calendar-alt '><\/i>\t\t\t\t                    <a href=\"https:\/\/cespad.org.hn\/mujeres\/2025\/07\/16\/\">\n\t\t\t\t\tjulio 16, 2025\t\t\t\t<\/a>\n\t\t\t\t\t\t\t<\/span>\n\t\t\t\t\t\t\t<\/div>\n\t\t\t\n\t\t\t\t\t\t\t<div class=\"tpg-excerpt tpg-el-excerpt\">\n\t\t\t\t\t\t\t\t\t\t\t<div class=\"tpg-excerpt-inner\">\n\t\t\t\t\t\t\tEscrito por Paula Servell\u00f3n Con determinaci\u00f3n y compromiso, m\u00e1s de 20 j\u00f3venes feministas culminaron con \u00e9xito los talleres de ciberactivismo digital \u201cPor los derechos de las mujeres\u201d. Este proceso de...\t\t\t\t\t\t<\/div>\n\t\t\t\t\t\t\t\t\t\t\t\t\t\t<\/div>\n\t\t\t\n\t\t\t        <div class=\"post-footer\">\n            <div class=\"post-footer\">\n                <div class=\"read-more\">\n\t\t\t\t\t<a data-id=\"854\" href=\"https:\/\/cespad.org.hn\/mujeres\/jovenes-concluyen-talleres-de-ciberactivismo-digital-para-promover-la-defensa-de-los-derechos-de-las-mujeres\/\" class=\"tpg-post-link\" target=\"_self\">Leer m\u00e1s<\/a>                <\/div>\n            <\/div>\n        <\/div>\n\t\t\t\t<\/div>\n\t<\/div>\n<\/div>\n\t\t\t<\/div>\n\t\t\t<div class='rt-pagination-wrap' data-total-pages='3' data-posts-per-page='' data-type='pagination'><div class=\"rt-pagination\"><ul class=\"pagination-list\"><li class=\"active\"><span>1<\/span><\/li><li><a data-paged='2' href='https:\/\/cespad.org.hn\/mujeres\/wp-json\/wp\/v2\/pages\/16\/page\/2\/'>2<\/a><\/li><li><a data-paged='3' href='https:\/\/cespad.org.hn\/mujeres\/wp-json\/wp\/v2\/pages\/16\/page\/3\/'>3<\/a><\/li><\/ul><\/div><\/div>\n\t\t<\/div>\n\t\t\t\t\t\t<\/div>\n\t\t\t\t<\/div>\n\t\t\t\t\t<\/div>\n\t\t\t\t<\/div>\n\t\t\t\t<\/div>\n\t\t","protected":false},"excerpt":{"rendered":"<p>Eventos Lideresas rurales del departamento de La Paz fortalecen las capacidades de mujeres en sus redes comunitarias febrero 20, 2026 Escrito por Paula Servell\u00f3n Sentadas en grupos y con cuestionarios en mano, las mujeres de las redes de Marcala, La Paz y Santa Mar\u00eda comenzaron a responder preguntas clave la importancia de sus&#8230; Leer m\u00e1s Lideresas de redes de mujeres fortalecen las capacidades de incidencia pol\u00edtica en sus comunidades febrero 6, 2026 Escrito por Paula Servell\u00f3n En un contexto marcado por profundas desigualdades y barreras estructurales que hist\u00f3ricamente han limitado el acceso de las mujeres a los espacios de toma de decisi\u00f3n, el&#8230; Leer m\u00e1s Segundo monitoreo del CESPAD: un compromiso \u00abcosm\u00e9tico\u00bb y discursos inconsistentes y superficiales noviembre 27, 2025 El Centro de Estudio para la Democracia (CESPAD), present\u00f3 el segundo informe de monitoreo, titulado: \u201cEntre la menci\u00f3n y la omisi\u00f3n: presentaci\u00f3n del monitoreo N0.2. Nuevos hallazgos y tendencias de&#8230; Leer m\u00e1s Mujeres organizadas transforman el arte en demandas pol\u00edticas y en una reinterpretaci\u00f3n de la lucha hist\u00f3rica noviembre 27, 2025 Con dos intervenciones art\u00edsticas: \u201cLa Mariposa\u201d y \u201cTejiendo Voces\u201d, el Centro de Estudio para la Democracia (CESPAD), junto a las organizaciones que lideran el proyecto \u201cNosotras Construyendo&#8230; Leer m\u00e1s Entre dudas y esperanzas, feministas celebran paridad de g\u00e9nero en la elecci\u00f3n de la nueva Corte Suprema de Justicia de Honduras noviembre 15, 2025 Escrito por: Aim\u00e9e C\u00e1rcamo La Corte Suprema de Justicia que resulte electa para el per\u00edodo 2023-2030 deber\u00e1 incluir al menos siete mujeres entre los 15 magistrados que integran el Poder Judicial&#8230; Leer m\u00e1s Esto exigen las mujeres organizadas a la y los candidatos presidenciales en Honduras septiembre 7, 2025 En conferencia de prensa, el Centro de Estudios de la Mujer de Honduras (CEM-H), El Centro de Estudio para la Democracia (CESPAD), El Foro de Mujeres Pol\u00edticas de Honduras (FMPH), Plataforma 25 de&#8230; Leer m\u00e1s Las mujeres exigimos compromisos reales: Pacto Social y Fiscal por los Derechos de las Mujeres septiembre 2, 2025 Las organizaciones de la Plataforma 25 de Noviembre, junto a otras organizaciones feministas y de mujeres firmantes, convocamos a esta conferencia de prensa para llamar p\u00fablicamente a la candidata y a&#8230; Leer m\u00e1s J\u00f3venes concluyen talleres de ciberactivismo digital para promover la defensa de los derechos de las mujeres julio 16, 2025 Escrito por Paula Servell\u00f3n Con determinaci\u00f3n y compromiso, m\u00e1s de 20 j\u00f3venes feministas culminaron con \u00e9xito los talleres de ciberactivismo digital \u201cPor los derechos de las mujeres\u201d. Este proceso de&#8230; Leer m\u00e1s Finaliza con \u00e9xito la Escuela de Liderazgo Interpartidario para candidatas a cargos de elecci\u00f3n popular junio 17, 2025 Escrito por Paula Servell\u00f3n Con gran entusiasmo, m\u00e1s de 20 candidatas de diversos partidos pol\u00edticos culminaron con \u00e9xito la Escuela de Liderazgo Pol\u00edtico Interpartidario, una iniciativa de formaci\u00f3n&#8230; Leer m\u00e1s 1 2 3<\/p>\n","protected":false},"author":1,"featured_media":0,"parent":0,"menu_order":0,"comment_status":"closed","ping_status":"closed","template":"elementor_header_footer","meta":{"footnotes":""},"class_list":["post-16","page","type-page","status-publish","hentry"],"rttpg_featured_image_url":null,"rttpg_author":{"display_name":"MUj2025","author_link":"https:\/\/cespad.org.hn\/mujeres\/author\/muj2025\/"},"rttpg_comment":0,"rttpg_category":"","rttpg_excerpt":"Eventos Lideresas rurales del departamento de La Paz fortalecen las capacidades de mujeres en sus redes comunitarias febrero 20, 2026 Escrito por Paula Servell\u00f3n Sentadas en grupos y con cuestionarios en mano, las mujeres de las redes de Marcala, La Paz y Santa Mar\u00eda comenzaron a responder preguntas clave la importancia de sus&#8230; Leer m\u00e1s&hellip;","_links":{"self":[{"href":"https:\/\/cespad.org.hn\/mujeres\/wp-json\/wp\/v2\/pages\/16","targetHints":{"allow":["GET"]}}],"collection":[{"href":"https:\/\/cespad.org.hn\/mujeres\/wp-json\/wp\/v2\/pages"}],"about":[{"href":"https:\/\/cespad.org.hn\/mujeres\/wp-json\/wp\/v2\/types\/page"}],"author":[{"embeddable":true,"href":"https:\/\/cespad.org.hn\/mujeres\/wp-json\/wp\/v2\/users\/1"}],"replies":[{"embeddable":true,"href":"https:\/\/cespad.org.hn\/mujeres\/wp-json\/wp\/v2\/comments?post=16"}],"version-history":[{"count":27,"href":"https:\/\/cespad.org.hn\/mujeres\/wp-json\/wp\/v2\/pages\/16\/revisions"}],"predecessor-version":[{"id":897,"href":"https:\/\/cespad.org.hn\/mujeres\/wp-json\/wp\/v2\/pages\/16\/revisions\/897"}],"wp:attachment":[{"href":"https:\/\/cespad.org.hn\/mujeres\/wp-json\/wp\/v2\/media?parent=16"}],"curies":[{"name":"wp","href":"https:\/\/api.w.org\/{rel}","templated":true}]}}