{"id":172,"date":"2026-03-16T16:13:09","date_gmt":"2026-03-16T16:13:09","guid":{"rendered":"https:\/\/cespad.org.hn\/mujeres\/?page_id=172"},"modified":"2026-03-16T19:30:07","modified_gmt":"2026-03-16T19:30:07","slug":"noticias","status":"publish","type":"page","link":"https:\/\/cespad.org.hn\/mujeres\/noticias\/","title":{"rendered":"Noticias"},"content":{"rendered":"\t\t<div data-elementor-type=\"wp-page\" data-elementor-id=\"172\" class=\"elementor elementor-172\" data-elementor-post-type=\"page\">\n\t\t\t\t<div class=\"elementor-element elementor-element-2fa6b43 e-flex e-con-boxed wpr-particle-no wpr-jarallax-no wpr-parallax-no wpr-sticky-section-no e-con e-parent\" data-id=\"2fa6b43\" data-element_type=\"container\" data-e-type=\"container\">\n\t\t\t\t\t<div class=\"e-con-inner\">\n\t\t\t\t<div class=\"elementor-element elementor-element-ca56906 elementor-widget elementor-widget-spacer\" data-id=\"ca56906\" data-element_type=\"widget\" data-e-type=\"widget\" data-widget_type=\"spacer.default\">\n\t\t\t\t\t\t\t<div class=\"elementor-spacer\">\n\t\t\t<div class=\"elementor-spacer-inner\"><\/div>\n\t\t<\/div>\n\t\t\t\t\t\t<\/div>\n\t\t\t\t\t<\/div>\n\t\t\t\t<\/div>\n\t\t<div class=\"elementor-element elementor-element-7f4b2e5 e-flex e-con-boxed wpr-particle-no wpr-jarallax-no wpr-parallax-no wpr-sticky-section-no e-con e-parent\" data-id=\"7f4b2e5\" data-element_type=\"container\" data-e-type=\"container\">\n\t\t\t\t\t<div class=\"e-con-inner\">\n\t\t\t\t<div class=\"elementor-element elementor-element-437cecb section-title-style-default section-title-align-center elementor-widget elementor-widget-tpg-section-title\" data-id=\"437cecb\" data-element_type=\"widget\" data-e-type=\"widget\" data-widget_type=\"tpg-section-title.default\">\n\t\t\t\t<div class=\"elementor-widget-container\">\n\t\t\t\t\t\t\t<div class=\"rt-container-fluid rt-tpg-container tpg-el-main-wrapper clearfix  section-title-style-default section-title-align-center\">\n\t\t\t<div class='tpg-header-wrapper'>\n        <div class=\"tpg-widget-heading-wrapper rt-clear heading-default \">\n            <span class=\"tpg-widget-heading-line line-left\"><\/span>\n\t\t\t<h1 class='tpg-widget-heading'>\n\t\t\t\n\t\t\t\t                    <span>\n\t\t\t\t\t\tNoticias\t\t\t\t\t<\/span>\n\t\t\t\t\t\n\t\t\t\t\t\t\t<\/h1>            <span class=\"tpg-widget-heading-line line-right\"><\/span>\n\n\t\t\t\n        <\/div>\n\n\t\t\n\t\t<\/div>\t\t<\/div>\n\t\t\t\t\t\t<\/div>\n\t\t\t\t<\/div>\n\t\t\t\t\t<\/div>\n\t\t\t\t<\/div>\n\t\t<div class=\"elementor-element elementor-element-bf53e92 e-flex e-con-boxed wpr-particle-no wpr-jarallax-no wpr-parallax-no wpr-sticky-section-no e-con e-parent\" data-id=\"bf53e92\" data-element_type=\"container\" data-e-type=\"container\">\n\t\t\t\t\t<div class=\"e-con-inner\">\n\t\t\t\t<div class=\"elementor-element elementor-element-f53c9b0 meta-visibility-show title_position_default title_hover_border_default title-default img_hover_animation_default meta_position_default readmore-btn-default-style grid-hover-overlay-type-always tpg-el-box-border-enable tpg-border-bottom-disable elementor-widget elementor-widget-tpg-grid-layout\" data-id=\"f53c9b0\" data-element_type=\"widget\" data-e-type=\"widget\" data-widget_type=\"tpg-grid-layout.default\">\n\t\t\t\t<div class=\"elementor-widget-container\">\n\t\t\t\t\t\t\t<div class=\"rt-container-fluid rt-tpg-container tpg-el-main-wrapper clearfix grid-layout4-main \"\n\t\t\t id=\"rt-tpg-container-2517631724\"\n\t\t\t data-layout=\"grid-layout4\"\n\t\t\t data-grid-style=\"tpg-full-height\"\n\t\t\t data-sc-id=\"elementor\"\n\t\t\t data-el-settings=''\n\t\t\t data-el-query=''\n\t\t\t data-el-path=''\n\t\t>\n\t\t\t\t\t\t<div class='tpg-header-wrapper '>\n\t\t\t\t\t\t\t<\/div>\n\n\t\t\t<div data-title=\"Loading ...\" class=\"rt-row rt-content-loader grid-layout4 grid-behaviour tpg-full-height grid_layout_wrapper\">\n\t\t\t\t\n<div class=\"rt-col-md-4 rt-col-sm-6 rt-col-xs-12 default rt-grid-item\" data-id=\"899\">\n\t<div class=\"rt-holder tpg-post-holder \">\n\t\t<div class=\"rt-detail rt-el-content-wrapper\">\n\t\t\t\t\t\t\t<div class=\"rt-img-holder tpg-el-image-wrap has-thumbnail\">\n\t\t\t\t\t<a data-id=\"899\" href=\"https:\/\/cespad.org.hn\/mujeres\/analisis-de-coyuntura-analicemos-las-senales-y-medidas-anunciadas-por-el-gobierno-de-asfura-en-apoyo-a-las-mujeres\/\" class=\"tpg-post-link\" target=\"_self\">                        <img fetchpriority=\"high\" decoding=\"async\" src=\"https:\/\/cespad.org.hn\/mujeres\/wp-content\/uploads\/2026\/04\/Analisis-de-Coyuntura-18-de-marzo-de-2026-768x461.png\"\n                             class=\"rt-img-responsive\"\n                             width=\"768\"\n                             height=\"461\"\n                             alt=\"An\u00e1lisis de Coyuntura | Analicemos las se\u00f1ales y medidas anunciadas por el gobierno de Asfura en apoyo a las mujeres\">\n\t\t\t\t\t\t\n\t\t\t\t\t\t\t\n\t\t<\/a>\n\t\t        <div class=\"overlay grid-hover-content\"><\/div>\n\t\t\t\t\t\t<\/div>\n\t\t\t\n\t\t\t<div class=\"entry-title-wrapper\"><h3 class=\"entry-title\"><a data-id=\"899\" href=\"https:\/\/cespad.org.hn\/mujeres\/analisis-de-coyuntura-analicemos-las-senales-y-medidas-anunciadas-por-el-gobierno-de-asfura-en-apoyo-a-las-mujeres\/\" class=\"tpg-post-link\" target=\"_self\">An\u00e1lisis de Coyuntura | Analicemos las se\u00f1ales y medidas anunciadas por el gobierno de Asfura en apoyo a las mujeres<\/a><\/h3><\/div>\n\t\t\t\t\t\t\t<div class=\"post-meta-tags rt-el-post-meta\">\n\t\t\t\t\t            <span class='date'>\n\t\t\t\t<i class='far fa-calendar-alt '><\/i>\t\t\t\t                    <a href=\"https:\/\/cespad.org.hn\/mujeres\/2026\/03\/18\/\">\n\t\t\t\t\tmarzo 18, 2026\t\t\t\t<\/a>\n\t\t\t\t\t\t\t<\/span>\n\t\t\t\t\t\t\t<\/div>\n\t\t\t\n\t\t\t\t\t\t\t<div class=\"tpg-excerpt tpg-el-excerpt\">\n\t\t\t\t\t\t\t\t\t\t\t<div class=\"tpg-excerpt-inner\">\n\t\t\t\t\t\t\tDescaraga el an\u00e1lisis de coyuntura en PDF aqui. Escrito por Dulce Davis La instalaci\u00f3n de un nuevo gobierno, en teor\u00eda, suele venderse bajo la narrativa del cambio, pero en el gobierno de Nasry Asfura...\t\t\t\t\t\t<\/div>\n\t\t\t\t\t\t\t\t\t\t\t\t\t\t<\/div>\n\t\t\t\n\t\t\t        <div class=\"post-footer\">\n            <div class=\"post-footer\">\n                <div class=\"read-more\">\n\t\t\t\t\t<a data-id=\"899\" href=\"https:\/\/cespad.org.hn\/mujeres\/analisis-de-coyuntura-analicemos-las-senales-y-medidas-anunciadas-por-el-gobierno-de-asfura-en-apoyo-a-las-mujeres\/\" class=\"tpg-post-link\" target=\"_self\">Leer m\u00e1s<\/a>                <\/div>\n            <\/div>\n        <\/div>\n\t\t\t\t<\/div>\n\t<\/div>\n<\/div>\n\n<div class=\"rt-col-md-4 rt-col-sm-6 rt-col-xs-12 default rt-grid-item\" data-id=\"616\">\n\t<div class=\"rt-holder tpg-post-holder \">\n\t\t<div class=\"rt-detail rt-el-content-wrapper\">\n\t\t\t\t\t\t\t<div class=\"rt-img-holder tpg-el-image-wrap has-thumbnail\">\n\t\t\t\t\t<a data-id=\"616\" href=\"https:\/\/cespad.org.hn\/mujeres\/obstaculos-y-desafios-para-la-participacion-politica-de-las-mujeres-en-condiciones-de-igualdad-actualizacion-del-diagnostico-sobre-alcances-y-aplicacion-de-la-legislacion-favorable-a-la-equidad-de-g-2\/\" class=\"tpg-post-link\" target=\"_self\">                        <img decoding=\"async\" src=\"https:\/\/cespad.org.hn\/mujeres\/wp-content\/uploads\/2026\/03\/Portada-estudio-1-version-2-768x461.png\"\n                             class=\"rt-img-responsive\"\n                             width=\"768\"\n                             height=\"461\"\n                             alt=\"Obst\u00e1culos y desaf\u00edos para la participaci\u00f3n pol\u00edtica de las mujeres en condiciones de igualdad | Actualizaci\u00f3n del diagn\u00f3stico sobre alcances y aplicaci\u00f3n de la legislaci\u00f3n favorable a la equidad de g\u00e9nero en la pol\u00edtica\">\n\t\t\t\t\t\t\n\t\t\t\t\t\t\t\n\t\t<\/a>\n\t\t        <div class=\"overlay grid-hover-content\"><\/div>\n\t\t\t\t\t\t<\/div>\n\t\t\t\n\t\t\t<div class=\"entry-title-wrapper\"><h3 class=\"entry-title\"><a data-id=\"616\" href=\"https:\/\/cespad.org.hn\/mujeres\/obstaculos-y-desafios-para-la-participacion-politica-de-las-mujeres-en-condiciones-de-igualdad-actualizacion-del-diagnostico-sobre-alcances-y-aplicacion-de-la-legislacion-favorable-a-la-equidad-de-g-2\/\" class=\"tpg-post-link\" target=\"_self\">Obst\u00e1culos y desaf\u00edos para la participaci\u00f3n pol\u00edtica de las mujeres en condiciones de igualdad | Actualizaci\u00f3n del diagn\u00f3stico sobre alcances y aplicaci\u00f3n de la legislaci\u00f3n favorable a la equidad de g\u00e9nero en la pol\u00edtica<\/a><\/h3><\/div>\n\t\t\t\t\t\t\t<div class=\"post-meta-tags rt-el-post-meta\">\n\t\t\t\t\t            <span class='date'>\n\t\t\t\t<i class='far fa-calendar-alt '><\/i>\t\t\t\t                    <a href=\"https:\/\/cespad.org.hn\/mujeres\/2026\/03\/04\/\">\n\t\t\t\t\tmarzo 4, 2026\t\t\t\t<\/a>\n\t\t\t\t\t\t\t<\/span>\n\t\t\t\t\t\t\t<\/div>\n\t\t\t\n\t\t\t\t\t\t\t<div class=\"tpg-excerpt tpg-el-excerpt\">\n\t\t\t\t\t\t\t\t\t\t\t<div class=\"tpg-excerpt-inner\">\n\t\t\t\t\t\t\tDescarga el estudio en PDF aqu\u00ed. Las mujeres en Honduras han promovido la adopci\u00f3n progresiva de una legislaci\u00f3n mediante la cual sus derechos han sido reconocidos, a trav\u00e9s de mecanismos y pol\u00edticas...\t\t\t\t\t\t<\/div>\n\t\t\t\t\t\t\t\t\t\t\t\t\t\t<\/div>\n\t\t\t\n\t\t\t        <div class=\"post-footer\">\n            <div class=\"post-footer\">\n                <div class=\"read-more\">\n\t\t\t\t\t<a data-id=\"616\" href=\"https:\/\/cespad.org.hn\/mujeres\/obstaculos-y-desafios-para-la-participacion-politica-de-las-mujeres-en-condiciones-de-igualdad-actualizacion-del-diagnostico-sobre-alcances-y-aplicacion-de-la-legislacion-favorable-a-la-equidad-de-g-2\/\" class=\"tpg-post-link\" target=\"_self\">Leer m\u00e1s<\/a>                <\/div>\n            <\/div>\n        <\/div>\n\t\t\t\t<\/div>\n\t<\/div>\n<\/div>\n\n<div class=\"rt-col-md-4 rt-col-sm-6 rt-col-xs-12 default rt-grid-item\" data-id=\"605\">\n\t<div class=\"rt-holder tpg-post-holder \">\n\t\t<div class=\"rt-detail rt-el-content-wrapper\">\n\t\t\t\t\t\t\t<div class=\"rt-img-holder tpg-el-image-wrap has-thumbnail\">\n\t\t\t\t\t<a data-id=\"605\" href=\"https:\/\/cespad.org.hn\/mujeres\/impacto-de-la-violencia-politica-hacia-las-muieres-en-honduras-con-enfoque-interseccionalidad-estudio-de-caso-en-las-areas-urbana-y-rural\/\" class=\"tpg-post-link\" target=\"_self\">                        <img decoding=\"async\" src=\"https:\/\/cespad.org.hn\/mujeres\/wp-content\/uploads\/2026\/03\/280-768x461.png\"\n                             class=\"rt-img-responsive\"\n                             width=\"768\"\n                             height=\"461\"\n                             alt=\"Impacto de la violencia pol\u00edtica hacia las muieres en Honduras | Con enfoque interseccionalidad Estudio de caso en las \u00e1reas urbana y rural\">\n\t\t\t\t\t\t\n\t\t\t\t\t\t\t\n\t\t<\/a>\n\t\t        <div class=\"overlay grid-hover-content\"><\/div>\n\t\t\t\t\t\t<\/div>\n\t\t\t\n\t\t\t<div class=\"entry-title-wrapper\"><h3 class=\"entry-title\"><a data-id=\"605\" href=\"https:\/\/cespad.org.hn\/mujeres\/impacto-de-la-violencia-politica-hacia-las-muieres-en-honduras-con-enfoque-interseccionalidad-estudio-de-caso-en-las-areas-urbana-y-rural\/\" class=\"tpg-post-link\" target=\"_self\">Impacto de la violencia pol\u00edtica hacia las muieres en Honduras | Con enfoque interseccionalidad Estudio de caso en las \u00e1reas urbana y rural<\/a><\/h3><\/div>\n\t\t\t\t\t\t\t<div class=\"post-meta-tags rt-el-post-meta\">\n\t\t\t\t\t            <span class='date'>\n\t\t\t\t<i class='far fa-calendar-alt '><\/i>\t\t\t\t                    <a href=\"https:\/\/cespad.org.hn\/mujeres\/2026\/03\/04\/\">\n\t\t\t\t\tmarzo 4, 2026\t\t\t\t<\/a>\n\t\t\t\t\t\t\t<\/span>\n\t\t\t\t\t\t\t<\/div>\n\t\t\t\n\t\t\t\t\t\t\t<div class=\"tpg-excerpt tpg-el-excerpt\">\n\t\t\t\t\t\t\t\t\t\t\t<div class=\"tpg-excerpt-inner\">\n\t\t\t\t\t\t\tDescarga el estudio en PDF aqu\u00ed. Desde el a\u00f1o 2022, Iris Xiomara Castro Sarmiento tom\u00f3 posesi\u00f3n de la presidencia de la Rep\u00fablica, convirti\u00e9ndose en la primera mujer en ocupar este cargo en Honduras...\t\t\t\t\t\t<\/div>\n\t\t\t\t\t\t\t\t\t\t\t\t\t\t<\/div>\n\t\t\t\n\t\t\t        <div class=\"post-footer\">\n            <div class=\"post-footer\">\n                <div class=\"read-more\">\n\t\t\t\t\t<a data-id=\"605\" href=\"https:\/\/cespad.org.hn\/mujeres\/impacto-de-la-violencia-politica-hacia-las-muieres-en-honduras-con-enfoque-interseccionalidad-estudio-de-caso-en-las-areas-urbana-y-rural\/\" class=\"tpg-post-link\" target=\"_self\">Leer m\u00e1s<\/a>                <\/div>\n            <\/div>\n        <\/div>\n\t\t\t\t<\/div>\n\t<\/div>\n<\/div>\n\n<div class=\"rt-col-md-4 rt-col-sm-6 rt-col-xs-12 default rt-grid-item\" data-id=\"841\">\n\t<div class=\"rt-holder tpg-post-holder \">\n\t\t<div class=\"rt-detail rt-el-content-wrapper\">\n\t\t\t\t\t\t\t<div class=\"rt-img-holder tpg-el-image-wrap has-thumbnail\">\n\t\t\t\t\t<a data-id=\"841\" href=\"https:\/\/cespad.org.hn\/mujeres\/lideresas-rurales-del-departamento-de-la-paz-fortalecen-las-capacidades-de-mujeres-en-sus-redes-comunitarias\/\" class=\"tpg-post-link\" target=\"_self\">                        <img loading=\"lazy\" decoding=\"async\" src=\"https:\/\/cespad.org.hn\/mujeres\/wp-content\/uploads\/2026\/03\/PORTADA-NOTA-DE-PRENSE-REPLICAS-SANTA-MARIA-MARCALA-Y-LA-PAZ-768x461.png\"\n                             class=\"rt-img-responsive\"\n                             width=\"768\"\n                             height=\"461\"\n                             alt=\"Lideresas rurales del departamento de La Paz fortalecen las capacidades de mujeres en sus redes comunitarias\">\n\t\t\t\t\t\t\n\t\t\t\t\t\t\t\n\t\t<\/a>\n\t\t        <div class=\"overlay grid-hover-content\"><\/div>\n\t\t\t\t\t\t<\/div>\n\t\t\t\n\t\t\t<div class=\"entry-title-wrapper\"><h3 class=\"entry-title\"><a data-id=\"841\" href=\"https:\/\/cespad.org.hn\/mujeres\/lideresas-rurales-del-departamento-de-la-paz-fortalecen-las-capacidades-de-mujeres-en-sus-redes-comunitarias\/\" class=\"tpg-post-link\" target=\"_self\">Lideresas rurales del departamento de La Paz fortalecen las capacidades de mujeres en sus redes comunitarias<\/a><\/h3><\/div>\n\t\t\t\t\t\t\t<div class=\"post-meta-tags rt-el-post-meta\">\n\t\t\t\t\t            <span class='date'>\n\t\t\t\t<i class='far fa-calendar-alt '><\/i>\t\t\t\t                    <a href=\"https:\/\/cespad.org.hn\/mujeres\/2026\/02\/20\/\">\n\t\t\t\t\tfebrero 20, 2026\t\t\t\t<\/a>\n\t\t\t\t\t\t\t<\/span>\n\t\t\t\t\t\t\t<\/div>\n\t\t\t\n\t\t\t\t\t\t\t<div class=\"tpg-excerpt tpg-el-excerpt\">\n\t\t\t\t\t\t\t\t\t\t\t<div class=\"tpg-excerpt-inner\">\n\t\t\t\t\t\t\tEscrito por Paula Servell\u00f3n Sentadas en grupos y con cuestionarios en mano, las mujeres de las redes de Marcala, La Paz y Santa Mar\u00eda comenzaron a responder preguntas clave la importancia de sus...\t\t\t\t\t\t<\/div>\n\t\t\t\t\t\t\t\t\t\t\t\t\t\t<\/div>\n\t\t\t\n\t\t\t        <div class=\"post-footer\">\n            <div class=\"post-footer\">\n                <div class=\"read-more\">\n\t\t\t\t\t<a data-id=\"841\" href=\"https:\/\/cespad.org.hn\/mujeres\/lideresas-rurales-del-departamento-de-la-paz-fortalecen-las-capacidades-de-mujeres-en-sus-redes-comunitarias\/\" class=\"tpg-post-link\" target=\"_self\">Leer m\u00e1s<\/a>                <\/div>\n            <\/div>\n        <\/div>\n\t\t\t\t<\/div>\n\t<\/div>\n<\/div>\n\n<div class=\"rt-col-md-4 rt-col-sm-6 rt-col-xs-12 default rt-grid-item\" data-id=\"849\">\n\t<div class=\"rt-holder tpg-post-holder \">\n\t\t<div class=\"rt-detail rt-el-content-wrapper\">\n\t\t\t\t\t\t\t<div class=\"rt-img-holder tpg-el-image-wrap has-thumbnail\">\n\t\t\t\t\t<a data-id=\"849\" href=\"https:\/\/cespad.org.hn\/mujeres\/lideresas-de-redes-de-mujeres-fortalecen-las-capacidades-de-incidencia-politica-en-sus-comunidades\/\" class=\"tpg-post-link\" target=\"_self\">                        <img loading=\"lazy\" decoding=\"async\" src=\"https:\/\/cespad.org.hn\/mujeres\/wp-content\/uploads\/2026\/03\/242-768x461.png\"\n                             class=\"rt-img-responsive\"\n                             width=\"768\"\n                             height=\"461\"\n                             alt=\"Lideresas de redes de mujeres fortalecen las capacidades de incidencia pol\u00edtica en sus comunidades\">\n\t\t\t\t\t\t\n\t\t\t\t\t\t\t\n\t\t<\/a>\n\t\t        <div class=\"overlay grid-hover-content\"><\/div>\n\t\t\t\t\t\t<\/div>\n\t\t\t\n\t\t\t<div class=\"entry-title-wrapper\"><h3 class=\"entry-title\"><a data-id=\"849\" href=\"https:\/\/cespad.org.hn\/mujeres\/lideresas-de-redes-de-mujeres-fortalecen-las-capacidades-de-incidencia-politica-en-sus-comunidades\/\" class=\"tpg-post-link\" target=\"_self\">Lideresas de redes de mujeres fortalecen las capacidades de incidencia pol\u00edtica en sus comunidades<\/a><\/h3><\/div>\n\t\t\t\t\t\t\t<div class=\"post-meta-tags rt-el-post-meta\">\n\t\t\t\t\t            <span class='date'>\n\t\t\t\t<i class='far fa-calendar-alt '><\/i>\t\t\t\t                    <a href=\"https:\/\/cespad.org.hn\/mujeres\/2026\/02\/06\/\">\n\t\t\t\t\tfebrero 6, 2026\t\t\t\t<\/a>\n\t\t\t\t\t\t\t<\/span>\n\t\t\t\t\t\t\t<\/div>\n\t\t\t\n\t\t\t\t\t\t\t<div class=\"tpg-excerpt tpg-el-excerpt\">\n\t\t\t\t\t\t\t\t\t\t\t<div class=\"tpg-excerpt-inner\">\n\t\t\t\t\t\t\tEscrito por Paula Servell\u00f3n En un contexto marcado por profundas desigualdades y barreras estructurales que hist\u00f3ricamente han limitado el acceso de las mujeres a los espacios de toma de decisi\u00f3n, el...\t\t\t\t\t\t<\/div>\n\t\t\t\t\t\t\t\t\t\t\t\t\t\t<\/div>\n\t\t\t\n\t\t\t        <div class=\"post-footer\">\n            <div class=\"post-footer\">\n                <div class=\"read-more\">\n\t\t\t\t\t<a data-id=\"849\" href=\"https:\/\/cespad.org.hn\/mujeres\/lideresas-de-redes-de-mujeres-fortalecen-las-capacidades-de-incidencia-politica-en-sus-comunidades\/\" class=\"tpg-post-link\" target=\"_self\">Leer m\u00e1s<\/a>                <\/div>\n            <\/div>\n        <\/div>\n\t\t\t\t<\/div>\n\t<\/div>\n<\/div>\n\n<div class=\"rt-col-md-4 rt-col-sm-6 rt-col-xs-12 default rt-grid-item\" data-id=\"39\">\n\t<div class=\"rt-holder tpg-post-holder \">\n\t\t<div class=\"rt-detail rt-el-content-wrapper\">\n\t\t\t\t\t\t\t<div class=\"rt-img-holder tpg-el-image-wrap has-thumbnail\">\n\t\t\t\t\t<a data-id=\"39\" href=\"https:\/\/cespad.org.hn\/mujeres\/segundo-monitoreo-del-cespad-un-compromiso-cosmetico-y-discursos-inconsistentes-y-superficiales\/\" class=\"tpg-post-link\" target=\"_self\">                        <img loading=\"lazy\" decoding=\"async\" src=\"https:\/\/cespad.org.hn\/mujeres\/wp-content\/uploads\/2025\/11\/ej03-768x432.webp\"\n                             class=\"rt-img-responsive\"\n                             width=\"768\"\n                             height=\"432\"\n                             alt=\"Segundo monitoreo del CESPAD: un compromiso \u00abcosm\u00e9tico\u00bb y discursos inconsistentes y superficiales\">\n\t\t\t\t\t\t\n\t\t\t\t\t\t\t\n\t\t<\/a>\n\t\t        <div class=\"overlay grid-hover-content\"><\/div>\n\t\t\t\t\t\t<\/div>\n\t\t\t\n\t\t\t<div class=\"entry-title-wrapper\"><h3 class=\"entry-title\"><a data-id=\"39\" href=\"https:\/\/cespad.org.hn\/mujeres\/segundo-monitoreo-del-cespad-un-compromiso-cosmetico-y-discursos-inconsistentes-y-superficiales\/\" class=\"tpg-post-link\" target=\"_self\">Segundo monitoreo del CESPAD: un compromiso \u00abcosm\u00e9tico\u00bb y discursos inconsistentes y superficiales<\/a><\/h3><\/div>\n\t\t\t\t\t\t\t<div class=\"post-meta-tags rt-el-post-meta\">\n\t\t\t\t\t            <span class='date'>\n\t\t\t\t<i class='far fa-calendar-alt '><\/i>\t\t\t\t                    <a href=\"https:\/\/cespad.org.hn\/mujeres\/2025\/11\/27\/\">\n\t\t\t\t\tnoviembre 27, 2025\t\t\t\t<\/a>\n\t\t\t\t\t\t\t<\/span>\n\t\t\t\t\t\t\t<\/div>\n\t\t\t\n\t\t\t\t\t\t\t<div class=\"tpg-excerpt tpg-el-excerpt\">\n\t\t\t\t\t\t\t\t\t\t\t<div class=\"tpg-excerpt-inner\">\n\t\t\t\t\t\t\tEl Centro de Estudio para la Democracia (CESPAD), present\u00f3 el segundo informe de monitoreo, titulado: \u201cEntre la menci\u00f3n y la omisi\u00f3n: presentaci\u00f3n del monitoreo N0.2. Nuevos hallazgos y tendencias de...\t\t\t\t\t\t<\/div>\n\t\t\t\t\t\t\t\t\t\t\t\t\t\t<\/div>\n\t\t\t\n\t\t\t        <div class=\"post-footer\">\n            <div class=\"post-footer\">\n                <div class=\"read-more\">\n\t\t\t\t\t<a data-id=\"39\" href=\"https:\/\/cespad.org.hn\/mujeres\/segundo-monitoreo-del-cespad-un-compromiso-cosmetico-y-discursos-inconsistentes-y-superficiales\/\" class=\"tpg-post-link\" target=\"_self\">Leer m\u00e1s<\/a>                <\/div>\n            <\/div>\n        <\/div>\n\t\t\t\t<\/div>\n\t<\/div>\n<\/div>\n\n<div class=\"rt-col-md-4 rt-col-sm-6 rt-col-xs-12 default rt-grid-item\" data-id=\"36\">\n\t<div class=\"rt-holder tpg-post-holder \">\n\t\t<div class=\"rt-detail rt-el-content-wrapper\">\n\t\t\t\t\t\t\t<div class=\"rt-img-holder tpg-el-image-wrap has-thumbnail\">\n\t\t\t\t\t<a data-id=\"36\" href=\"https:\/\/cespad.org.hn\/mujeres\/mujeres-organizadas-transforman-el-arte-en-demandas-politicas-y-en-una-reinterpretacion-de-la-lucha-historica\/\" class=\"tpg-post-link\" target=\"_self\">                        <img loading=\"lazy\" decoding=\"async\" src=\"https:\/\/cespad.org.hn\/mujeres\/wp-content\/uploads\/2025\/11\/ej02-768x576.webp\"\n                             class=\"rt-img-responsive\"\n                             width=\"768\"\n                             height=\"576\"\n                             alt=\"Mujeres organizadas transforman el arte en demandas pol\u00edticas y en una reinterpretaci\u00f3n de la lucha hist\u00f3rica\">\n\t\t\t\t\t\t\n\t\t\t\t\t\t\t\n\t\t<\/a>\n\t\t        <div class=\"overlay grid-hover-content\"><\/div>\n\t\t\t\t\t\t<\/div>\n\t\t\t\n\t\t\t<div class=\"entry-title-wrapper\"><h3 class=\"entry-title\"><a data-id=\"36\" href=\"https:\/\/cespad.org.hn\/mujeres\/mujeres-organizadas-transforman-el-arte-en-demandas-politicas-y-en-una-reinterpretacion-de-la-lucha-historica\/\" class=\"tpg-post-link\" target=\"_self\">Mujeres organizadas transforman el arte en demandas pol\u00edticas y en una reinterpretaci\u00f3n de la lucha hist\u00f3rica<\/a><\/h3><\/div>\n\t\t\t\t\t\t\t<div class=\"post-meta-tags rt-el-post-meta\">\n\t\t\t\t\t            <span class='date'>\n\t\t\t\t<i class='far fa-calendar-alt '><\/i>\t\t\t\t                    <a href=\"https:\/\/cespad.org.hn\/mujeres\/2025\/11\/27\/\">\n\t\t\t\t\tnoviembre 27, 2025\t\t\t\t<\/a>\n\t\t\t\t\t\t\t<\/span>\n\t\t\t\t\t\t\t<\/div>\n\t\t\t\n\t\t\t\t\t\t\t<div class=\"tpg-excerpt tpg-el-excerpt\">\n\t\t\t\t\t\t\t\t\t\t\t<div class=\"tpg-excerpt-inner\">\n\t\t\t\t\t\t\tCon dos intervenciones art\u00edsticas: \u201cLa Mariposa\u201d y \u201cTejiendo Voces\u201d, el Centro de Estudio para la Democracia (CESPAD), junto a las organizaciones que lideran el proyecto \u201cNosotras Construyendo...\t\t\t\t\t\t<\/div>\n\t\t\t\t\t\t\t\t\t\t\t\t\t\t<\/div>\n\t\t\t\n\t\t\t        <div class=\"post-footer\">\n            <div class=\"post-footer\">\n                <div class=\"read-more\">\n\t\t\t\t\t<a data-id=\"36\" href=\"https:\/\/cespad.org.hn\/mujeres\/mujeres-organizadas-transforman-el-arte-en-demandas-politicas-y-en-una-reinterpretacion-de-la-lucha-historica\/\" class=\"tpg-post-link\" target=\"_self\">Leer m\u00e1s<\/a>                <\/div>\n            <\/div>\n        <\/div>\n\t\t\t\t<\/div>\n\t<\/div>\n<\/div>\n\n<div class=\"rt-col-md-4 rt-col-sm-6 rt-col-xs-12 default rt-grid-item\" data-id=\"33\">\n\t<div class=\"rt-holder tpg-post-holder \">\n\t\t<div class=\"rt-detail rt-el-content-wrapper\">\n\t\t\t\t\t\t\t<div class=\"rt-img-holder tpg-el-image-wrap has-thumbnail\">\n\t\t\t\t\t<a data-id=\"33\" href=\"https:\/\/cespad.org.hn\/mujeres\/el-trep-y-el-escrutinio-electoral-un-analisis-desde-las-dimensiones-juridicas-y-politicas\/\" class=\"tpg-post-link\" target=\"_self\">                        <img loading=\"lazy\" decoding=\"async\" src=\"https:\/\/cespad.org.hn\/mujeres\/wp-content\/uploads\/2025\/11\/ej01-768x461.webp\"\n                             class=\"rt-img-responsive\"\n                             width=\"768\"\n                             height=\"461\"\n                             alt=\"El TREP y el escrutinio electoral: un an\u00e1lisis desde las dimensiones jur\u00eddicas y pol\u00edticas\">\n\t\t\t\t\t\t\n\t\t\t\t\t\t\t\n\t\t<\/a>\n\t\t        <div class=\"overlay grid-hover-content\"><\/div>\n\t\t\t\t\t\t<\/div>\n\t\t\t\n\t\t\t<div class=\"entry-title-wrapper\"><h3 class=\"entry-title\"><a data-id=\"33\" href=\"https:\/\/cespad.org.hn\/mujeres\/el-trep-y-el-escrutinio-electoral-un-analisis-desde-las-dimensiones-juridicas-y-politicas\/\" class=\"tpg-post-link\" target=\"_self\">El TREP y el escrutinio electoral: un an\u00e1lisis desde las dimensiones jur\u00eddicas y pol\u00edticas<\/a><\/h3><\/div>\n\t\t\t\t\t\t\t<div class=\"post-meta-tags rt-el-post-meta\">\n\t\t\t\t\t            <span class='date'>\n\t\t\t\t<i class='far fa-calendar-alt '><\/i>\t\t\t\t                    <a href=\"https:\/\/cespad.org.hn\/mujeres\/2025\/11\/27\/\">\n\t\t\t\t\tnoviembre 27, 2025\t\t\t\t<\/a>\n\t\t\t\t\t\t\t<\/span>\n\t\t\t\t\t\t\t<\/div>\n\t\t\t\n\t\t\t\t\t\t\t<div class=\"tpg-excerpt tpg-el-excerpt\">\n\t\t\t\t\t\t\t\t\t\t\t<div class=\"tpg-excerpt-inner\">\n\t\t\t\t\t\t\tA las puertas de las elecciones generales, el sistema de Transmisi\u00f3n de Resultados Electorales Preliminares (TREP) ha adquirido un protagonismo central en la conversaci\u00f3n p\u00fablica y se ha convertido en...\t\t\t\t\t\t<\/div>\n\t\t\t\t\t\t\t\t\t\t\t\t\t\t<\/div>\n\t\t\t\n\t\t\t        <div class=\"post-footer\">\n            <div class=\"post-footer\">\n                <div class=\"read-more\">\n\t\t\t\t\t<a data-id=\"33\" href=\"https:\/\/cespad.org.hn\/mujeres\/el-trep-y-el-escrutinio-electoral-un-analisis-desde-las-dimensiones-juridicas-y-politicas\/\" class=\"tpg-post-link\" target=\"_self\">Leer m\u00e1s<\/a>                <\/div>\n            <\/div>\n        <\/div>\n\t\t\t\t<\/div>\n\t<\/div>\n<\/div>\n\n<div class=\"rt-col-md-4 rt-col-sm-6 rt-col-xs-12 default rt-grid-item\" data-id=\"888\">\n\t<div class=\"rt-holder tpg-post-holder \">\n\t\t<div class=\"rt-detail rt-el-content-wrapper\">\n\t\t\t\t\t\t\t<div class=\"rt-img-holder tpg-el-image-wrap has-thumbnail\">\n\t\t\t\t\t<a data-id=\"888\" href=\"https:\/\/cespad.org.hn\/mujeres\/en-imagenes-asi-culmino-encuentro-de-defensoras-de-los-bienes-comunes-de-la-naturaleza\/\" class=\"tpg-post-link\" target=\"_self\">                        <img loading=\"lazy\" decoding=\"async\" src=\"https:\/\/cespad.org.hn\/mujeres\/wp-content\/uploads\/2026\/03\/IMG_0154-2-2048x1190-1-768x446.jpg\"\n                             class=\"rt-img-responsive\"\n                             width=\"768\"\n                             height=\"446\"\n                             alt=\"En im\u00e1genes, as\u00ed culmin\u00f3 Encuentro de Defensoras de los Bienes Comunes de la Naturaleza\">\n\t\t\t\t\t\t\n\t\t\t\t\t\t\t\n\t\t<\/a>\n\t\t        <div class=\"overlay grid-hover-content\"><\/div>\n\t\t\t\t\t\t<\/div>\n\t\t\t\n\t\t\t<div class=\"entry-title-wrapper\"><h3 class=\"entry-title\"><a data-id=\"888\" href=\"https:\/\/cespad.org.hn\/mujeres\/en-imagenes-asi-culmino-encuentro-de-defensoras-de-los-bienes-comunes-de-la-naturaleza\/\" class=\"tpg-post-link\" target=\"_self\">En im\u00e1genes, as\u00ed culmin\u00f3 Encuentro de Defensoras de los Bienes Comunes de la Naturaleza<\/a><\/h3><\/div>\n\t\t\t\t\t\t\t<div class=\"post-meta-tags rt-el-post-meta\">\n\t\t\t\t\t            <span class='date'>\n\t\t\t\t<i class='far fa-calendar-alt '><\/i>\t\t\t\t                    <a href=\"https:\/\/cespad.org.hn\/mujeres\/2025\/11\/27\/\">\n\t\t\t\t\tnoviembre 27, 2025\t\t\t\t<\/a>\n\t\t\t\t\t\t\t<\/span>\n\t\t\t\t\t\t\t<\/div>\n\t\t\t\n\t\t\t\t\t\t\t<div class=\"tpg-excerpt tpg-el-excerpt\">\n\t\t\t\t\t\t\t\t\t\t\t<div class=\"tpg-excerpt-inner\">\n\t\t\t\t\t\t\tEscrito por: Nancy Garc\u00eda Son las cinco de la ma\u00f1ana. Se oyen los pasos, el agua que cae y el canto de los p\u00e1jaros. Se huele y siente el olor a caf\u00e9 y la emoci\u00f3n de las mujeres por encontrarse con el...\t\t\t\t\t\t<\/div>\n\t\t\t\t\t\t\t\t\t\t\t\t\t\t<\/div>\n\t\t\t\n\t\t\t        <div class=\"post-footer\">\n            <div class=\"post-footer\">\n                <div class=\"read-more\">\n\t\t\t\t\t<a data-id=\"888\" href=\"https:\/\/cespad.org.hn\/mujeres\/en-imagenes-asi-culmino-encuentro-de-defensoras-de-los-bienes-comunes-de-la-naturaleza\/\" class=\"tpg-post-link\" target=\"_self\">Leer m\u00e1s<\/a>                <\/div>\n            <\/div>\n        <\/div>\n\t\t\t\t<\/div>\n\t<\/div>\n<\/div>\n\t\t\t<\/div>\n\t\t\t<div class='rt-pagination-wrap' data-total-pages='10' data-posts-per-page='' data-type='pagination'><div class=\"rt-pagination\"><ul class=\"pagination-list\"><li class=\"active\"><span>1<\/span><\/li><li><a data-paged='2' href='https:\/\/cespad.org.hn\/mujeres\/wp-json\/wp\/v2\/pages\/172\/page\/2\/'>2<\/a><\/li><li><a data-paged='3' href='https:\/\/cespad.org.hn\/mujeres\/wp-json\/wp\/v2\/pages\/172\/page\/3\/'>3<\/a><\/li><li><a data-paged='4' href='https:\/\/cespad.org.hn\/mujeres\/wp-json\/wp\/v2\/pages\/172\/page\/4\/'>4<\/a><\/li><li><a data-paged='5' href='https:\/\/cespad.org.hn\/mujeres\/wp-json\/wp\/v2\/pages\/172\/page\/5\/'>5<\/a><\/li><li><a data-paged='2' href=\"https:\/\/cespad.org.hn\/mujeres\/wp-json\/wp\/v2\/pages\/172\/page\/2\/\" aria-label='Next'>&rsaquo;<\/a><\/li><li><a data-paged='10' href='https:\/\/cespad.org.hn\/mujeres\/wp-json\/wp\/v2\/pages\/172\/page\/10\/' aria-label='Last'>&raquo;<\/a><\/li><\/ul><\/div><\/div>\n\t\t<\/div>\n\t\t\t\t\t\t<\/div>\n\t\t\t\t<\/div>\n\t\t\t\t\t<\/div>\n\t\t\t\t<\/div>\n\t\t\t\t<\/div>\n\t\t","protected":false},"excerpt":{"rendered":"<p>Segundo monitoreo del CESPAD: un compromiso \u00abcosm\u00e9tico\u00bb y discursos inconsistentes y superficiales noviembre 27, 2025 El Centro de Estudio para la Democracia (CESPAD), present\u00f3 el segundo informe de monitoreo, titulado: \u201cEntre la menci\u00f3n y la omisi\u00f3n: presentaci\u00f3n del monitoreo N0.2. Nuevos hallazgos y tendencias de&#8230; Leer m\u00e1s Mujeres organizadas transforman el arte en demandas pol\u00edticas y en una reinterpretaci\u00f3n de la lucha hist\u00f3rica noviembre 27, 2025 Con dos intervenciones art\u00edsticas: \u201cLa Mariposa\u201d y \u201cTejiendo Voces\u201d, el Centro de Estudio para la Democracia (CESPAD), junto a las organizaciones que lideran el proyecto \u201cNosotras Construyendo&#8230; Leer m\u00e1s El TREP y el escrutinio electoral: un an\u00e1lisis desde las dimensiones jur\u00eddicas y pol\u00edticas noviembre 27, 2025 A las puertas de las elecciones generales, el sistema de Transmisi\u00f3n de Resultados Electorales Preliminares (TREP) ha adquirido un protagonismo central en la conversaci\u00f3n p\u00fablica y se ha convertido en&#8230; Leer m\u00e1s Hello world! noviembre 27, 2025 Welcome to WordPress. This is your first post. Edit or delete it, then start writing!&#8230; Leer m\u00e1s<\/p>\n","protected":false},"author":1,"featured_media":0,"parent":0,"menu_order":0,"comment_status":"closed","ping_status":"closed","template":"elementor_header_footer","meta":{"footnotes":""},"class_list":["post-172","page","type-page","status-publish","hentry"],"rttpg_featured_image_url":null,"rttpg_author":{"display_name":"MUj2025","author_link":"https:\/\/cespad.org.hn\/mujeres\/author\/muj2025\/"},"rttpg_comment":0,"rttpg_category":"","rttpg_excerpt":"Segundo monitoreo del CESPAD: un compromiso \u00abcosm\u00e9tico\u00bb y discursos inconsistentes y superficiales noviembre 27, 2025 El Centro de Estudio para la Democracia (CESPAD), present\u00f3 el segundo informe de monitoreo, titulado: \u201cEntre la menci\u00f3n y la omisi\u00f3n: presentaci\u00f3n del monitoreo N0.2. Nuevos hallazgos y tendencias de&#8230; Leer m\u00e1s Mujeres organizadas transforman el arte en demandas pol\u00edticas&hellip;","_links":{"self":[{"href":"https:\/\/cespad.org.hn\/mujeres\/wp-json\/wp\/v2\/pages\/172","targetHints":{"allow":["GET"]}}],"collection":[{"href":"https:\/\/cespad.org.hn\/mujeres\/wp-json\/wp\/v2\/pages"}],"about":[{"href":"https:\/\/cespad.org.hn\/mujeres\/wp-json\/wp\/v2\/types\/page"}],"author":[{"embeddable":true,"href":"https:\/\/cespad.org.hn\/mujeres\/wp-json\/wp\/v2\/users\/1"}],"replies":[{"embeddable":true,"href":"https:\/\/cespad.org.hn\/mujeres\/wp-json\/wp\/v2\/comments?post=172"}],"version-history":[{"count":13,"href":"https:\/\/cespad.org.hn\/mujeres\/wp-json\/wp\/v2\/pages\/172\/revisions"}],"predecessor-version":[{"id":186,"href":"https:\/\/cespad.org.hn\/mujeres\/wp-json\/wp\/v2\/pages\/172\/revisions\/186"}],"wp:attachment":[{"href":"https:\/\/cespad.org.hn\/mujeres\/wp-json\/wp\/v2\/media?parent=172"}],"curies":[{"name":"wp","href":"https:\/\/api.w.org\/{rel}","templated":true}]}}