{"id":330,"date":"2025-11-03T12:45:34","date_gmt":"2025-11-03T18:45:34","guid":{"rendered":"https:\/\/cespad.org.hn\/pje\/?page_id=330"},"modified":"2025-11-04T15:51:06","modified_gmt":"2025-11-04T21:51:06","slug":"alertas-electorales","status":"publish","type":"page","link":"https:\/\/cespad.org.hn\/pje\/alertas-electorales\/","title":{"rendered":"Alertas Electorales"},"content":{"rendered":"\t\t<div data-elementor-type=\"wp-page\" data-elementor-id=\"330\" class=\"elementor elementor-330\">\n\t\t\t\t<div class=\"elementor-element elementor-element-2c09563 e-flex e-con-boxed e-con e-parent\" data-id=\"2c09563\" data-element_type=\"container\">\n\t\t\t\t\t<div class=\"e-con-inner\">\n\t\t\t\t<div class=\"elementor-element elementor-element-a445eca elementor-widget elementor-widget-elementskit-blog-posts\" data-id=\"a445eca\" data-element_type=\"widget\" data-widget_type=\"elementskit-blog-posts.default\">\n\t\t\t\t\t<div class=\"ekit-wid-con\" >        <div id=\"post-items--a445eca\" class=\"row post-items\">\n                    <div class=\"col-md-12\">\n\n                                    <div class=\"elementskit-blog-block-post\">\n                        <div class=\"row no-gutters\">\n                            \n                            <div class=\"col-md-12 order-2\">\n                                <div class=\"elementskit-post-body \">\n                                    <div class=\"elementskit-entry-header\">\n                                        \n                                                                                            \t\t\t\t\t                                            \n                                            \n                                                                                            \t\t\t\t<h2 class=\"entry-title\">\n\t\t\t\t\t<a href=\"https:\/\/cespad.org.hn\/pje\/alerta-electoral-1-fallas-del-trep-comprometen-la-claridad-del-cierre-electoral\/\">\n\t\t\t\t\t\t\ud83d\udea8 ALERTA ELECTORAL #1: Fallas del TREP comprometen la claridad del cierre electoral\ud83d\udea8\t\t\t\t\t<\/a>\n\t\t\t\t<\/h2>\n\t\t\t                                                                                <\/div><!-- .elementskit-entry-header END -->\n\n                                                                            <div class=\"elementskit-post-footer\">\n                                                                                            <p>La Misi\u00f3n de Observaci\u00f3n Electoral del CESPAD y la Plataforma Juvenil Electoral advierte con preocupaci\u00f3n el deterioro operativo y la falta de transparencia en el Sistema De Transmisi\u00f3n y Divulgaci\u00f3n de Resultados Electorales (TREP), en un contexto donde la certeza p\u00fablica es indispensable para sostener la legitimidad del proceso. Alertamos: En las \u00faltimas horas, dos [&hellip;]<\/p>\n                                                                                                                                <\/div><!-- .elementskit-post-footer END -->\n                                                                    <\/div><!-- .elementskit-post-body END -->\n                            <\/div>\n                        <\/div>\n                    <\/div><!-- .elementskit-blog-block-post .radius .gradient-bg END -->\n                \n            <\/div>\n                    <div class=\"col-md-12\">\n\n                                    <div class=\"elementskit-blog-block-post\">\n                        <div class=\"row no-gutters\">\n                            \n                            <div class=\"col-md-12 order-2\">\n                                <div class=\"elementskit-post-body \">\n                                    <div class=\"elementskit-entry-header\">\n                                        \n                                                                                            \t\t\t\t\t                                            \n                                            \n                                                                                            \t\t\t\t<h2 class=\"entry-title\">\n\t\t\t\t\t<a href=\"https:\/\/cespad.org.hn\/pje\/comunicado-sobre-la-interrupcion-del-trep-y-las-implicaciones-para-la-transparencia-electoral\/\">\n\t\t\t\t\t\tComunicado: Sobre la interrupci\u00f3n del TREP y las implicaciones para la transparencia electoral\t\t\t\t\t<\/a>\n\t\t\t\t<\/h2>\n\t\t\t                                                                                <\/div><!-- .elementskit-entry-header END -->\n\n                                                                            <div class=\"elementskit-post-footer\">\n                                                                                            <p>La misi\u00f3n de observaci\u00f3n electoral del CESPAD implementada con la Plataforma Juvenil Electoral, expresa su preocupaci\u00f3n ante la interrupci\u00f3n del Sistema de Transmisi\u00f3n de Resultados Electorales Preliminares (TREP). La ca\u00edda del portal de resultados ha impedido a la ciudadan\u00eda acceder entiempo real a la informaci\u00f3n preliminar, generando incertidumbre en un contexto de alta competitividad electoral. [&hellip;]<\/p>\n                                                                                                                                <\/div><!-- .elementskit-post-footer END -->\n                                                                    <\/div><!-- .elementskit-post-body END -->\n                            <\/div>\n                        <\/div>\n                    <\/div><!-- .elementskit-blog-block-post .radius .gradient-bg END -->\n                \n            <\/div>\n                    <div class=\"col-md-12\">\n\n                                    <div class=\"elementskit-blog-block-post\">\n                        <div class=\"row no-gutters\">\n                            \n                            <div class=\"col-md-12 order-2\">\n                                <div class=\"elementskit-post-body \">\n                                    <div class=\"elementskit-entry-header\">\n                                        \n                                                                                            \t\t\t\t\t                                            \n                                            \n                                                                                            \t\t\t\t<h2 class=\"entry-title\">\n\t\t\t\t\t<a href=\"https:\/\/cespad.org.hn\/pje\/comunicado-3-cierre-de-votacion-y-transicion-al-escrutinio\/\">\n\t\t\t\t\t\tComunicado #3: Cierre de votaci\u00f3n y transici\u00f3n al escrutinio\t\t\t\t\t<\/a>\n\t\t\t\t<\/h2>\n\t\t\t                                                                                <\/div><!-- .elementskit-entry-header END -->\n\n                                                                            <div class=\"elementskit-post-footer\">\n                                                                                            <p>La misi\u00f3n de observaci\u00f3n electoral del CESPAD, implementada en alianza con Global Exchange y la Plataforma Juvenil Electoral, informa que al momento de este corte la fase de cierre de la votaci\u00f3n se ha desarrollado conforme a los lineamientos establecidos en la Ley Electoral de Honduras y en el Instructivo oficial para Juntas Receptoras de [&hellip;]<\/p>\n                                                                                                                                <\/div><!-- .elementskit-post-footer END -->\n                                                                    <\/div><!-- .elementskit-post-body END -->\n                            <\/div>\n                        <\/div>\n                    <\/div><!-- .elementskit-blog-block-post .radius .gradient-bg END -->\n                \n            <\/div>\n                    <div class=\"col-md-12\">\n\n                                    <div class=\"elementskit-blog-block-post\">\n                        <div class=\"row no-gutters\">\n                            \n                            <div class=\"col-md-12 order-2\">\n                                <div class=\"elementskit-post-body \">\n                                    <div class=\"elementskit-entry-header\">\n                                        \n                                                                                            \t\t\t\t\t                                            \n                                            \n                                                                                            \t\t\t\t<h2 class=\"entry-title\">\n\t\t\t\t\t<a href=\"https:\/\/cespad.org.hn\/pje\/comunicado-2-sobre-el-desarrollo-de-la-votacion\/\">\n\t\t\t\t\t\tComunicado #2: Sobre el desarrollo de la votaci\u00f3n\t\t\t\t\t<\/a>\n\t\t\t\t<\/h2>\n\t\t\t                                                                                <\/div><!-- .elementskit-entry-header END -->\n\n                                                                            <div class=\"elementskit-post-footer\">\n                                                                                            <p>La misi\u00f3n de observaci\u00f3n electoral del CESPAD, implementada en alianza con Global Exchange y la Plataforma Juvenil Electoral, informa que, al momento de este corte, LA FASE DE VOTACI\u00d3N SE DESARROLLA CON NORMALIDAD EN LA MAYOR\u00cdA DE LAS JUNTAS RECEPTORAS DE VOTOS (JRV) observadas. Los equipos de observaci\u00f3n constatan que los procedimientos esenciales establecidos en [&hellip;]<\/p>\n                                                                                                                                <\/div><!-- .elementskit-post-footer END -->\n                                                                    <\/div><!-- .elementskit-post-body END -->\n                            <\/div>\n                        <\/div>\n                    <\/div><!-- .elementskit-blog-block-post .radius .gradient-bg END -->\n                \n            <\/div>\n                    <div class=\"col-md-12\">\n\n                                    <div class=\"elementskit-blog-block-post\">\n                        <div class=\"row no-gutters\">\n                            \n                            <div class=\"col-md-12 order-2\">\n                                <div class=\"elementskit-post-body \">\n                                    <div class=\"elementskit-entry-header\">\n                                        \n                                                                                            \t\t\t\t\t                                            \n                                            \n                                                                                            \t\t\t\t<h2 class=\"entry-title\">\n\t\t\t\t\t<a href=\"https:\/\/cespad.org.hn\/pje\/comunicado1-instalacion-y-acondicionamiento-de-las-jrv\/\">\n\t\t\t\t\t\tComunicado#1: Instalaci\u00f3n y Acondicionamiento  de las JRV\t\t\t\t\t<\/a>\n\t\t\t\t<\/h2>\n\t\t\t                                                                                <\/div><!-- .elementskit-entry-header END -->\n\n                                                                            <div class=\"elementskit-post-footer\">\n                                                                                            <p>La misi\u00f3n de observaci\u00f3n electoral del CESPAD, implementada en alianza con Global Exchange y la Plataforma Juvenil Electoral, informa que, al momento de este primer corte, LA INSTALACI\u00d3N Y APERTURA DE LAS JUNTAS RECEPTORAS DE VOTOS (JRV) avanza con normalidad en la mayor\u00eda de los centros observados. En distintos departamentos del pa\u00eds, los equipos reportan [&hellip;]<\/p>\n                                                                                                                                <\/div><!-- .elementskit-post-footer END -->\n                                                                    <\/div><!-- .elementskit-post-body END -->\n                            <\/div>\n                        <\/div>\n                    <\/div><!-- .elementskit-blog-block-post .radius .gradient-bg END -->\n                \n            <\/div>\n                    <div class=\"col-md-12\">\n\n                                    <div class=\"elementskit-blog-block-post\">\n                        <div class=\"row no-gutters\">\n                                                            <div class=\"col-md-6 order-1\">\n                                    <a href=\"https:\/\/cespad.org.hn\/pje\/monitoreo-integral-y-verificacion-de-garantias\/\" class=\"elementskit-entry-thumb\">\n                                        <img decoding=\"async\" src=\"https:\/\/cespad.org.hn\/pje\/wp-content\/uploads\/2025\/11\/photo_4922530115112078413_y-1024x768.jpg\" alt=\"Monitoreo integral y verificaci\u00f3n de garant\u00edas\">\n                                    <\/a><!-- .elementskit-entry-thumb END -->\n                                <\/div>\n                            \n                            <div class=\"col-md-6 order-2\">\n                                <div class=\"elementskit-post-body \">\n                                    <div class=\"elementskit-entry-header\">\n                                        \n                                                                                            \t\t\t\t\t                                            \n                                            \n                                                                                            \t\t\t\t<h2 class=\"entry-title\">\n\t\t\t\t\t<a href=\"https:\/\/cespad.org.hn\/pje\/monitoreo-integral-y-verificacion-de-garantias\/\">\n\t\t\t\t\t\tMonitoreo integral y verificaci\u00f3n de garant\u00edas\t\t\t\t\t<\/a>\n\t\t\t\t<\/h2>\n\t\t\t                                                                                <\/div><!-- .elementskit-entry-header END -->\n\n                                                                            <div class=\"elementskit-post-footer\">\n                                                                                            <p>La Plataforma Juvenil Electoral (PJE) se prepara activamente para el monitoreo integral de la jornada de las elecciones generales de 2025. Nuestro equipo de observadores nacionales e internacionales tiene el compromiso de verificar el cumplimiento de la normativa electoral y las garant\u00edas fundamentales del derecho al voto ciudadano. La vigilancia se centrar\u00e1 en evaluar rigurosamente [&hellip;]<\/p>\n                                                                                                                                <\/div><!-- .elementskit-post-footer END -->\n                                                                    <\/div><!-- .elementskit-post-body END -->\n                            <\/div>\n                        <\/div>\n                    <\/div><!-- .elementskit-blog-block-post .radius .gradient-bg END -->\n                \n            <\/div>\n                <\/div>\n       <\/div>\t\t\t\t<\/div>\n\t\t\t\t\t<\/div>\n\t\t\t\t<\/div>\n\t\t<div class=\"elementor-element elementor-element-27f7a2a e-flex e-con-boxed e-con e-parent\" data-id=\"27f7a2a\" data-element_type=\"container\">\n\t\t\t\t\t<div class=\"e-con-inner\">\n\t\t\t\t<div class=\"elementor-element elementor-element-8f7c80b elementor-widget elementor-widget-spacer\" data-id=\"8f7c80b\" data-element_type=\"widget\" data-widget_type=\"spacer.default\">\n\t\t\t\t\t\t\t<div class=\"elementor-spacer\">\n\t\t\t<div class=\"elementor-spacer-inner\"><\/div>\n\t\t<\/div>\n\t\t\t\t\t\t<\/div>\n\t\t\t\t\t<\/div>\n\t\t\t\t<\/div>\n\t\t<div class=\"elementor-element elementor-element-815b940 e-flex e-con-boxed e-con e-parent\" data-id=\"815b940\" data-element_type=\"container\">\n\t\t\t\t\t<div class=\"e-con-inner\">\n\t\t\t\t<div class=\"elementor-element elementor-element-c6e8e18 elementor-widget elementor-widget-upk-fanel-list\" data-id=\"c6e8e18\" data-element_type=\"widget\" data-widget_type=\"upk-fanel-list.default\">\n\t\t\t\t\t\t\t<div class=\"upk-fanel-list-container upk-ajax-grid\" data-loadmore=\"[]\">\n\t\t\t<div class=\"upk-fanel-list upk-ajax-grid-wrap\">\n\t\t\t\t\n\t\t\t\t\t\t\t<div class=\"upk-item\">\n\t\t\t<div class=\"upk-item-box\">\n\t\t\t\t<div class=\"upk-image-wrap\">\n\n\t\t\t\t\t<img decoding=\"async\" class=\"upk-img\" src=\"https:\/\/cespad.org.hn\/pje\/wp-content\/plugins\/elementor\/assets\/images\/placeholder.png\" alt=\"\ud83d\udea8 ALERTA ELECTORAL #1: Fallas del TREP comprometen la claridad del cierre electoral\ud83d\udea8\">\n\t\t\t\t\t\t\t\t\t\t\t<div class=\"upk-fanel-date-wrap\">\n\t\t\t\t\t\t\t<span class=\"upk-fanel-date\">04<\/span>\n\t\t\t\t\t\t\t<span class=\"upk-fanel-month\">Dic<\/span>\n\t\t\t\t\t\t<\/div>\n\t\t\t\t\t\n\t\t\t\t<\/div>\n\n\t\t\t\t<div class=\"upk-content\">\n\t\t\t\t\t\t\t<div class=\"upk-category\">\n\t\t\t<a href=\"https:\/\/cespad.org.hn\/pje\/category\/alertas\/\" \n\t\t\t\t\t\t\taria-label=\"Category Alertas\">Alertas<\/a>\t\t<\/div>\n\t\n\t\t\t\t\t<h3 class=\"upk-title\"><a href=\"https:\/\/cespad.org.hn\/pje\/alerta-electoral-1-fallas-del-trep-comprometen-la-claridad-del-cierre-electoral\/\" title=\"\ud83d\udea8 ALERTA ELECTORAL #1: Fallas del TREP comprometen la claridad del cierre electoral\ud83d\udea8\" class=\"title-animation-underline\" aria-label=\"\ud83d\udea8 ALERTA ELECTORAL #1: Fallas del TREP comprometen la claridad del cierre electoral\ud83d\udea8\">\ud83d\udea8 ALERTA ELECTORAL #1: Fallas del TREP comprometen la claridad del cierre electoral\ud83d\udea8<\/a><\/h3>\n\t\t\t\t\t\t\t<div class=\"upk-text\">\n\t\t\t<p>La Misi\u00f3n de Observaci\u00f3n Electoral del CESPAD y la Plataforma Juvenil Electoral advierte con preocupaci\u00f3n el deterioro operativo y la<\/p>\n\t\t<\/div>\n\t\t\n\t\t\t\t\t\n\t\t\t\t<\/div>\n\t\t\t\t\t\t\t<\/div>\n\t\t<\/div>\n\n\t\n\t\t\t\t\n\t\t\t\t\t\t\t<div class=\"upk-item\">\n\t\t\t<div class=\"upk-item-box\">\n\t\t\t\t<div class=\"upk-image-wrap\">\n\n\t\t\t\t\t<img decoding=\"async\" class=\"upk-img\" src=\"https:\/\/cespad.org.hn\/pje\/wp-content\/plugins\/elementor\/assets\/images\/placeholder.png\" alt=\"Comunicado: Sobre la interrupci\u00f3n del TREP y las implicaciones para la transparencia electoral\">\n\t\t\t\t\t\t\t\t\t\t\t<div class=\"upk-fanel-date-wrap\">\n\t\t\t\t\t\t\t<span class=\"upk-fanel-date\">02<\/span>\n\t\t\t\t\t\t\t<span class=\"upk-fanel-month\">Dic<\/span>\n\t\t\t\t\t\t<\/div>\n\t\t\t\t\t\n\t\t\t\t<\/div>\n\n\t\t\t\t<div class=\"upk-content\">\n\t\t\t\t\t\t\t<div class=\"upk-category\">\n\t\t\t<a href=\"https:\/\/cespad.org.hn\/pje\/category\/alertas\/\" \n\t\t\t\t\t\t\taria-label=\"Category Alertas\">Alertas<\/a>\t\t<\/div>\n\t\n\t\t\t\t\t<h3 class=\"upk-title\"><a href=\"https:\/\/cespad.org.hn\/pje\/comunicado-sobre-la-interrupcion-del-trep-y-las-implicaciones-para-la-transparencia-electoral\/\" title=\"Comunicado: Sobre la interrupci\u00f3n del TREP y las implicaciones para la transparencia electoral\" class=\"title-animation-underline\" aria-label=\"Comunicado: Sobre la interrupci\u00f3n del TREP y las implicaciones para la transparencia electoral\">Comunicado: Sobre la interrupci\u00f3n del TREP y las implicaciones para la transparencia electoral<\/a><\/h3>\n\t\t\t\t\t\t\t<div class=\"upk-text\">\n\t\t\t<p>La misi\u00f3n de observaci\u00f3n electoral del CESPAD implementada con la Plataforma Juvenil Electoral, expresa su preocupaci\u00f3n ante la interrupci\u00f3n del<\/p>\n\t\t<\/div>\n\t\t\n\t\t\t\t\t\n\t\t\t\t<\/div>\n\t\t\t\t\t\t\t<\/div>\n\t\t<\/div>\n\n\t\n\t\t\t\t\n\t\t\t\t\t\t\t<div class=\"upk-item\">\n\t\t\t<div class=\"upk-item-box\">\n\t\t\t\t<div class=\"upk-image-wrap\">\n\n\t\t\t\t\t<img decoding=\"async\" class=\"upk-img\" src=\"https:\/\/cespad.org.hn\/pje\/wp-content\/plugins\/elementor\/assets\/images\/placeholder.png\" alt=\"Comunicado #3: Cierre de votaci\u00f3n y transici\u00f3n al escrutinio\">\n\t\t\t\t\t\t\t\t\t\t\t<div class=\"upk-fanel-date-wrap\">\n\t\t\t\t\t\t\t<span class=\"upk-fanel-date\">30<\/span>\n\t\t\t\t\t\t\t<span class=\"upk-fanel-month\">Nov<\/span>\n\t\t\t\t\t\t<\/div>\n\t\t\t\t\t\n\t\t\t\t<\/div>\n\n\t\t\t\t<div class=\"upk-content\">\n\t\t\t\t\t\t\t<div class=\"upk-category\">\n\t\t\t<a href=\"https:\/\/cespad.org.hn\/pje\/category\/alertas\/\" \n\t\t\t\t\t\t\taria-label=\"Category Alertas\">Alertas<\/a>\t\t<\/div>\n\t\n\t\t\t\t\t<h3 class=\"upk-title\"><a href=\"https:\/\/cespad.org.hn\/pje\/comunicado-3-cierre-de-votacion-y-transicion-al-escrutinio\/\" title=\"Comunicado #3: Cierre de votaci\u00f3n y transici\u00f3n al escrutinio\" class=\"title-animation-underline\" aria-label=\"Comunicado #3: Cierre de votaci\u00f3n y transici\u00f3n al escrutinio\">Comunicado #3: Cierre de votaci\u00f3n y transici\u00f3n al escrutinio<\/a><\/h3>\n\t\t\t\t\t\t\t<div class=\"upk-text\">\n\t\t\t<p>La misi\u00f3n de observaci\u00f3n electoral del CESPAD, implementada en alianza con Global Exchange y la Plataforma Juvenil Electoral, informa que<\/p>\n\t\t<\/div>\n\t\t\n\t\t\t\t\t\n\t\t\t\t<\/div>\n\t\t\t\t\t\t\t<\/div>\n\t\t<\/div>\n\n\t\n\t\t\t\t\n\t\t\t\t\t\t\t<div class=\"upk-item\">\n\t\t\t<div class=\"upk-item-box\">\n\t\t\t\t<div class=\"upk-image-wrap\">\n\n\t\t\t\t\t<img decoding=\"async\" class=\"upk-img\" src=\"https:\/\/cespad.org.hn\/pje\/wp-content\/plugins\/elementor\/assets\/images\/placeholder.png\" alt=\"Comunicado #2: Sobre el desarrollo de la votaci\u00f3n\">\n\t\t\t\t\t\t\t\t\t\t\t<div class=\"upk-fanel-date-wrap\">\n\t\t\t\t\t\t\t<span class=\"upk-fanel-date\">30<\/span>\n\t\t\t\t\t\t\t<span class=\"upk-fanel-month\">Nov<\/span>\n\t\t\t\t\t\t<\/div>\n\t\t\t\t\t\n\t\t\t\t<\/div>\n\n\t\t\t\t<div class=\"upk-content\">\n\t\t\t\t\t\t\t<div class=\"upk-category\">\n\t\t\t<a href=\"https:\/\/cespad.org.hn\/pje\/category\/alertas\/\" \n\t\t\t\t\t\t\taria-label=\"Category Alertas\">Alertas<\/a>\t\t<\/div>\n\t\n\t\t\t\t\t<h3 class=\"upk-title\"><a href=\"https:\/\/cespad.org.hn\/pje\/comunicado-2-sobre-el-desarrollo-de-la-votacion\/\" title=\"Comunicado #2: Sobre el desarrollo de la votaci\u00f3n\" class=\"title-animation-underline\" aria-label=\"Comunicado #2: Sobre el desarrollo de la votaci\u00f3n\">Comunicado #2: Sobre el desarrollo de la votaci\u00f3n<\/a><\/h3>\n\t\t\t\t\t\t\t<div class=\"upk-text\">\n\t\t\t<p>La misi\u00f3n de observaci\u00f3n electoral del CESPAD, implementada en alianza con Global Exchange y la Plataforma Juvenil Electoral, informa que,<\/p>\n\t\t<\/div>\n\t\t\n\t\t\t\t\t\n\t\t\t\t<\/div>\n\t\t\t\t\t\t\t<\/div>\n\t\t<\/div>\n\n\t\n\t\t\t\t\n\t\t\t\t\t\t\t<div class=\"upk-item\">\n\t\t\t<div class=\"upk-item-box\">\n\t\t\t\t<div class=\"upk-image-wrap\">\n\n\t\t\t\t\t<img decoding=\"async\" class=\"upk-img\" src=\"https:\/\/cespad.org.hn\/pje\/wp-content\/plugins\/elementor\/assets\/images\/placeholder.png\" alt=\"Comunicado#1: Instalaci\u00f3n y Acondicionamiento  de las JRV\">\n\t\t\t\t\t\t\t\t\t\t\t<div class=\"upk-fanel-date-wrap\">\n\t\t\t\t\t\t\t<span class=\"upk-fanel-date\">30<\/span>\n\t\t\t\t\t\t\t<span class=\"upk-fanel-month\">Nov<\/span>\n\t\t\t\t\t\t<\/div>\n\t\t\t\t\t\n\t\t\t\t<\/div>\n\n\t\t\t\t<div class=\"upk-content\">\n\t\t\t\t\t\t\t<div class=\"upk-category\">\n\t\t\t<a href=\"https:\/\/cespad.org.hn\/pje\/category\/alertas\/\" \n\t\t\t\t\t\t\taria-label=\"Category Alertas\">Alertas<\/a>\t\t<\/div>\n\t\n\t\t\t\t\t<h3 class=\"upk-title\"><a href=\"https:\/\/cespad.org.hn\/pje\/comunicado1-instalacion-y-acondicionamiento-de-las-jrv\/\" title=\"Comunicado#1: Instalaci\u00f3n y Acondicionamiento  de las JRV\" class=\"title-animation-underline\" aria-label=\"Comunicado#1: Instalaci\u00f3n y Acondicionamiento  de las JRV\">Comunicado#1: Instalaci\u00f3n y Acondicionamiento  de las JRV<\/a><\/h3>\n\t\t\t\t\t\t\t<div class=\"upk-text\">\n\t\t\t<p>La misi\u00f3n de observaci\u00f3n electoral del CESPAD, implementada en alianza con Global Exchange y la Plataforma Juvenil Electoral, informa que,<\/p>\n\t\t<\/div>\n\t\t\n\t\t\t\t\t\n\t\t\t\t<\/div>\n\t\t\t\t\t\t\t<\/div>\n\t\t<\/div>\n\n\t\n\t\t\t\t\n\t\t\t\t\t\t\t<div class=\"upk-item\">\n\t\t\t<div class=\"upk-item-box\">\n\t\t\t\t<div class=\"upk-image-wrap\">\n\n\t\t\t\t\t<img fetchpriority=\"high\" decoding=\"async\" width=\"300\" height=\"169\" src=\"https:\/\/cespad.org.hn\/pje\/wp-content\/uploads\/2025\/11\/PORTADA-300x169.jpg\" class=\"upk-img\" alt=\"Una observaci\u00f3n para fortalecer la legitimidad: CESPAD despliega su misi\u00f3n electoral 2025\" srcset=\"https:\/\/cespad.org.hn\/pje\/wp-content\/uploads\/2025\/11\/PORTADA-300x169.jpg 300w, https:\/\/cespad.org.hn\/pje\/wp-content\/uploads\/2025\/11\/PORTADA-1024x576.jpg 1024w, https:\/\/cespad.org.hn\/pje\/wp-content\/uploads\/2025\/11\/PORTADA-768x432.jpg 768w, https:\/\/cespad.org.hn\/pje\/wp-content\/uploads\/2025\/11\/PORTADA-1536x864.jpg 1536w, https:\/\/cespad.org.hn\/pje\/wp-content\/uploads\/2025\/11\/PORTADA.jpg 1600w\" sizes=\"(max-width: 300px) 100vw, 300px\" \/>\n\t\t\t\t\t\t\t\t\t\t\t<div class=\"upk-fanel-date-wrap\">\n\t\t\t\t\t\t\t<span class=\"upk-fanel-date\">28<\/span>\n\t\t\t\t\t\t\t<span class=\"upk-fanel-month\">Nov<\/span>\n\t\t\t\t\t\t<\/div>\n\t\t\t\t\t\n\t\t\t\t<\/div>\n\n\t\t\t\t<div class=\"upk-content\">\n\t\t\t\t\t\t\t<div class=\"upk-category\">\n\t\t\t<a href=\"https:\/\/cespad.org.hn\/pje\/category\/eventos\/\" \n\t\t\t\t\t\t\taria-label=\"Category Eventos\">Eventos<\/a>\t\t<\/div>\n\t\n\t\t\t\t\t<h3 class=\"upk-title\"><a href=\"https:\/\/cespad.org.hn\/pje\/una-observacion-para-fortalecer-la-legitimidad-cespad-despliega-su-mision-electoral-2025\/\" title=\"Una observaci\u00f3n para fortalecer la legitimidad: CESPAD despliega su misi\u00f3n electoral 2025\" class=\"title-animation-underline\" aria-label=\"Una observaci\u00f3n para fortalecer la legitimidad: CESPAD despliega su misi\u00f3n electoral 2025\">Una observaci\u00f3n para fortalecer la legitimidad: CESPAD despliega su misi\u00f3n electoral 2025<\/a><\/h3>\n\t\t\t\t\t\t\t<div class=\"upk-text\">\n\t\t\t<p>Desde el Centro de Estudio para la Democracia (CESPAD) anunciamos el lanzamiento oficial de nuestra Misi\u00f3n de Observaci\u00f3n Electoral para<\/p>\n\t\t<\/div>\n\t\t\n\t\t\t\t\t\n\t\t\t\t<\/div>\n\t\t\t\t\t\t\t<\/div>\n\t\t<\/div>\n\n\t\n\t\t\t\t\t\t\t<\/div>\n\t\t<\/div>\n\n\t\t\n\t\t\t\t\t<div class=\"ep-pagination\">\n\t\t\t\t<ul class=\"upk-pagination\" data-widget-id=\"c6e8e18\" data-debug-paged=\"1\" data-debug-max=\"3\" data-debug-is-front=\"no\">\n<li class=\"upk-active\"><a href=\"https:\/\/cespad.org.hn\/pje\/wp-json\/wp\/v2\/pages\/330\/\">1<\/a><\/li>\n<li><a href=\"https:\/\/cespad.org.hn\/pje\/wp-json\/wp\/v2\/pages\/330\/page\/2\/\">2<\/a><\/li>\n<li><a href=\"https:\/\/cespad.org.hn\/pje\/wp-json\/wp\/v2\/pages\/330\/page\/3\/\">3<\/a><\/li>\n<li class=\"upk-pagination-next\"><a href=\"https:\/\/cespad.org.hn\/pje\/wp-json\/wp\/v2\/pages\/330\/page\/2\/\" aria-label=\"Next Page\"><span data-upk-pagination-next><i class=\"upk-icon-arrow-right-5\" aria-hidden=\"true\"><\/i><\/span><\/a><\/li>\n<\/ul>\n\t\t\t<\/div>\n\t\t\t\t<\/div>\n\t\t\t\t\t<\/div>\n\t\t\t\t<\/div>\n\t\t\t\t<\/div>\n\t\t\n    <div class=\"xs_social_share_widget xs_share_url after_content \t\tmain_content  wslu-style-1 wslu-share-box-shaped wslu-fill-colored wslu-none wslu-share-horizontal wslu-theme-font-no wslu-main_content\">\n\n\t\t\n        <ul>\n\t\t\t        <\/ul>\n    <\/div> \n","protected":false},"excerpt":{"rendered":"<p>Monitoreo integral y verificaci\u00f3n de garant\u00edas La Plataforma Juvenil Electoral (PJE) se prepara activamente para el monitoreo integral de la jornada de las elecciones generales de 2025. Nuestro equipo de observadores nacionales e internacionales tiene el compromiso de verificar el cumplimiento de la normativa electoral y las garant\u00edas fundamentales del derecho al voto ciudadano. La [&hellip;]<\/p>\n","protected":false},"author":1,"featured_media":0,"parent":0,"menu_order":0,"comment_status":"closed","ping_status":"closed","template":"","meta":{"_eb_attr":"","om_disable_all_campaigns":false,"postBodyCss":"","postBodyMargin":[],"postBodyPadding":[],"postBodyBackground":{"backgroundType":"classic","gradient":""},"footnotes":""},"class_list":["post-330","page","type-page","status-publish","hentry"],"yoast_head":"<!-- This site is optimized with the Yoast SEO plugin v27.2 - https:\/\/yoast.com\/product\/yoast-seo-wordpress\/ -->\n<title>Alertas Electorales - PLATAFORMA JUVENIL ELECTORAL<\/title>\n<meta name=\"robots\" content=\"index, follow, max-snippet:-1, max-image-preview:large, max-video-preview:-1\" \/>\n<link rel=\"canonical\" href=\"https:\/\/cespad.org.hn\/pje\/alertas-electorales\/\" \/>\n<meta property=\"og:locale\" content=\"es_ES\" \/>\n<meta property=\"og:type\" content=\"article\" \/>\n<meta property=\"og:title\" content=\"Alertas Electorales - PLATAFORMA JUVENIL ELECTORAL\" \/>\n<meta property=\"og:description\" content=\"Monitoreo integral y verificaci\u00f3n de garant\u00edas La Plataforma Juvenil Electoral (PJE) se prepara activamente para el monitoreo integral de la jornada de las elecciones generales de 2025. Nuestro equipo de observadores nacionales e internacionales tiene el compromiso de verificar el cumplimiento de la normativa electoral y las garant\u00edas fundamentales del derecho al voto ciudadano. La [&hellip;]\" \/>\n<meta property=\"og:url\" content=\"https:\/\/cespad.org.hn\/pje\/alertas-electorales\/\" \/>\n<meta property=\"og:site_name\" content=\"PLATAFORMA JUVENIL ELECTORAL\" \/>\n<meta property=\"article:publisher\" content=\"https:\/\/www.facebook.com\/plataformajuvenilelectoral\/\" \/>\n<meta property=\"article:modified_time\" content=\"2025-11-04T21:51:06+00:00\" \/>\n<meta property=\"og:image\" content=\"https:\/\/cespad.org.hn\/pje\/wp-content\/uploads\/2025\/11\/foto-01-1024x512.jpg\" \/>\n<meta name=\"twitter:card\" content=\"summary_large_image\" \/>\n<meta name=\"twitter:label1\" content=\"Tiempo de lectura\" \/>\n\t<meta name=\"twitter:data1\" content=\"2 minutos\" \/>\n<script type=\"application\/ld+json\" class=\"yoast-schema-graph\">{\"@context\":\"https:\/\/schema.org\",\"@graph\":[{\"@type\":\"WebPage\",\"@id\":\"https:\/\/cespad.org.hn\/pje\/alertas-electorales\/\",\"url\":\"https:\/\/cespad.org.hn\/pje\/alertas-electorales\/\",\"name\":\"Alertas Electorales - PLATAFORMA JUVENIL ELECTORAL\",\"isPartOf\":{\"@id\":\"https:\/\/cespad.org.hn\/pje\/#website\"},\"primaryImageOfPage\":{\"@id\":\"https:\/\/cespad.org.hn\/pje\/alertas-electorales\/#primaryimage\"},\"image\":{\"@id\":\"https:\/\/cespad.org.hn\/pje\/alertas-electorales\/#primaryimage\"},\"thumbnailUrl\":\"https:\/\/cespad.org.hn\/pje\/wp-content\/uploads\/2025\/11\/foto-01-1024x512.jpg\",\"datePublished\":\"2025-11-03T18:45:34+00:00\",\"dateModified\":\"2025-11-04T21:51:06+00:00\",\"breadcrumb\":{\"@id\":\"https:\/\/cespad.org.hn\/pje\/alertas-electorales\/#breadcrumb\"},\"inLanguage\":\"es\",\"potentialAction\":[{\"@type\":\"ReadAction\",\"target\":[\"https:\/\/cespad.org.hn\/pje\/alertas-electorales\/\"]}]},{\"@type\":\"ImageObject\",\"inLanguage\":\"es\",\"@id\":\"https:\/\/cespad.org.hn\/pje\/alertas-electorales\/#primaryimage\",\"url\":\"https:\/\/cespad.org.hn\/pje\/wp-content\/uploads\/2025\/11\/foto-01.jpg\",\"contentUrl\":\"https:\/\/cespad.org.hn\/pje\/wp-content\/uploads\/2025\/11\/foto-01.jpg\",\"width\":1200,\"height\":600},{\"@type\":\"BreadcrumbList\",\"@id\":\"https:\/\/cespad.org.hn\/pje\/alertas-electorales\/#breadcrumb\",\"itemListElement\":[{\"@type\":\"ListItem\",\"position\":1,\"name\":\"Portada\",\"item\":\"https:\/\/cespad.org.hn\/pje\/\"},{\"@type\":\"ListItem\",\"position\":2,\"name\":\"Alertas Electorales\"}]},{\"@type\":\"WebSite\",\"@id\":\"https:\/\/cespad.org.hn\/pje\/#website\",\"url\":\"https:\/\/cespad.org.hn\/pje\/\",\"name\":\"PLATAFORMA JUVENIL ELECTORAL\",\"description\":\"\",\"publisher\":{\"@id\":\"https:\/\/cespad.org.hn\/pje\/#organization\"},\"potentialAction\":[{\"@type\":\"SearchAction\",\"target\":{\"@type\":\"EntryPoint\",\"urlTemplate\":\"https:\/\/cespad.org.hn\/pje\/?s={search_term_string}\"},\"query-input\":{\"@type\":\"PropertyValueSpecification\",\"valueRequired\":true,\"valueName\":\"search_term_string\"}}],\"inLanguage\":\"es\"},{\"@type\":\"Organization\",\"@id\":\"https:\/\/cespad.org.hn\/pje\/#organization\",\"name\":\"PLATAFORMA JUVENIL ELECTORAL\",\"url\":\"https:\/\/cespad.org.hn\/pje\/\",\"logo\":{\"@type\":\"ImageObject\",\"inLanguage\":\"es\",\"@id\":\"https:\/\/cespad.org.hn\/pje\/#\/schema\/logo\/image\/\",\"url\":\"https:\/\/cespad.org.hn\/pje\/wp-content\/uploads\/2025\/09\/cropped-cropped-cropped-WhatsApp-Image-2025-09-22-at-10.59.57-a.-m.jpeg\",\"contentUrl\":\"https:\/\/cespad.org.hn\/pje\/wp-content\/uploads\/2025\/09\/cropped-cropped-cropped-WhatsApp-Image-2025-09-22-at-10.59.57-a.-m.jpeg\",\"width\":768,\"height\":606,\"caption\":\"PLATAFORMA JUVENIL ELECTORAL\"},\"image\":{\"@id\":\"https:\/\/cespad.org.hn\/pje\/#\/schema\/logo\/image\/\"},\"sameAs\":[\"https:\/\/www.facebook.com\/plataformajuvenilelectoral\/\",\"https:\/\/www.tiktok.com\/@pjehonduras\"]}]}<\/script>\n<!-- \/ Yoast SEO plugin. -->","yoast_head_json":{"title":"Alertas Electorales - PLATAFORMA JUVENIL ELECTORAL","robots":{"index":"index","follow":"follow","max-snippet":"max-snippet:-1","max-image-preview":"max-image-preview:large","max-video-preview":"max-video-preview:-1"},"canonical":"https:\/\/cespad.org.hn\/pje\/alertas-electorales\/","og_locale":"es_ES","og_type":"article","og_title":"Alertas Electorales - PLATAFORMA JUVENIL ELECTORAL","og_description":"Monitoreo integral y verificaci\u00f3n de garant\u00edas La Plataforma Juvenil Electoral (PJE) se prepara activamente para el monitoreo integral de la jornada de las elecciones generales de 2025. Nuestro equipo de observadores nacionales e internacionales tiene el compromiso de verificar el cumplimiento de la normativa electoral y las garant\u00edas fundamentales del derecho al voto ciudadano. La [&hellip;]","og_url":"https:\/\/cespad.org.hn\/pje\/alertas-electorales\/","og_site_name":"PLATAFORMA JUVENIL ELECTORAL","article_publisher":"https:\/\/www.facebook.com\/plataformajuvenilelectoral\/","article_modified_time":"2025-11-04T21:51:06+00:00","og_image":[{"url":"https:\/\/cespad.org.hn\/pje\/wp-content\/uploads\/2025\/11\/foto-01-1024x512.jpg","type":"","width":"","height":""}],"twitter_card":"summary_large_image","twitter_misc":{"Tiempo de lectura":"2 minutos"},"schema":{"@context":"https:\/\/schema.org","@graph":[{"@type":"WebPage","@id":"https:\/\/cespad.org.hn\/pje\/alertas-electorales\/","url":"https:\/\/cespad.org.hn\/pje\/alertas-electorales\/","name":"Alertas Electorales - PLATAFORMA JUVENIL ELECTORAL","isPartOf":{"@id":"https:\/\/cespad.org.hn\/pje\/#website"},"primaryImageOfPage":{"@id":"https:\/\/cespad.org.hn\/pje\/alertas-electorales\/#primaryimage"},"image":{"@id":"https:\/\/cespad.org.hn\/pje\/alertas-electorales\/#primaryimage"},"thumbnailUrl":"https:\/\/cespad.org.hn\/pje\/wp-content\/uploads\/2025\/11\/foto-01-1024x512.jpg","datePublished":"2025-11-03T18:45:34+00:00","dateModified":"2025-11-04T21:51:06+00:00","breadcrumb":{"@id":"https:\/\/cespad.org.hn\/pje\/alertas-electorales\/#breadcrumb"},"inLanguage":"es","potentialAction":[{"@type":"ReadAction","target":["https:\/\/cespad.org.hn\/pje\/alertas-electorales\/"]}]},{"@type":"ImageObject","inLanguage":"es","@id":"https:\/\/cespad.org.hn\/pje\/alertas-electorales\/#primaryimage","url":"https:\/\/cespad.org.hn\/pje\/wp-content\/uploads\/2025\/11\/foto-01.jpg","contentUrl":"https:\/\/cespad.org.hn\/pje\/wp-content\/uploads\/2025\/11\/foto-01.jpg","width":1200,"height":600},{"@type":"BreadcrumbList","@id":"https:\/\/cespad.org.hn\/pje\/alertas-electorales\/#breadcrumb","itemListElement":[{"@type":"ListItem","position":1,"name":"Portada","item":"https:\/\/cespad.org.hn\/pje\/"},{"@type":"ListItem","position":2,"name":"Alertas Electorales"}]},{"@type":"WebSite","@id":"https:\/\/cespad.org.hn\/pje\/#website","url":"https:\/\/cespad.org.hn\/pje\/","name":"PLATAFORMA JUVENIL ELECTORAL","description":"","publisher":{"@id":"https:\/\/cespad.org.hn\/pje\/#organization"},"potentialAction":[{"@type":"SearchAction","target":{"@type":"EntryPoint","urlTemplate":"https:\/\/cespad.org.hn\/pje\/?s={search_term_string}"},"query-input":{"@type":"PropertyValueSpecification","valueRequired":true,"valueName":"search_term_string"}}],"inLanguage":"es"},{"@type":"Organization","@id":"https:\/\/cespad.org.hn\/pje\/#organization","name":"PLATAFORMA JUVENIL ELECTORAL","url":"https:\/\/cespad.org.hn\/pje\/","logo":{"@type":"ImageObject","inLanguage":"es","@id":"https:\/\/cespad.org.hn\/pje\/#\/schema\/logo\/image\/","url":"https:\/\/cespad.org.hn\/pje\/wp-content\/uploads\/2025\/09\/cropped-cropped-cropped-WhatsApp-Image-2025-09-22-at-10.59.57-a.-m.jpeg","contentUrl":"https:\/\/cespad.org.hn\/pje\/wp-content\/uploads\/2025\/09\/cropped-cropped-cropped-WhatsApp-Image-2025-09-22-at-10.59.57-a.-m.jpeg","width":768,"height":606,"caption":"PLATAFORMA JUVENIL ELECTORAL"},"image":{"@id":"https:\/\/cespad.org.hn\/pje\/#\/schema\/logo\/image\/"},"sameAs":["https:\/\/www.facebook.com\/plataformajuvenilelectoral\/","https:\/\/www.tiktok.com\/@pjehonduras"]}]}},"_links":{"self":[{"href":"https:\/\/cespad.org.hn\/pje\/wp-json\/wp\/v2\/pages\/330","targetHints":{"allow":["GET"]}}],"collection":[{"href":"https:\/\/cespad.org.hn\/pje\/wp-json\/wp\/v2\/pages"}],"about":[{"href":"https:\/\/cespad.org.hn\/pje\/wp-json\/wp\/v2\/types\/page"}],"author":[{"embeddable":true,"href":"https:\/\/cespad.org.hn\/pje\/wp-json\/wp\/v2\/users\/1"}],"replies":[{"embeddable":true,"href":"https:\/\/cespad.org.hn\/pje\/wp-json\/wp\/v2\/comments?post=330"}],"version-history":[{"count":11,"href":"https:\/\/cespad.org.hn\/pje\/wp-json\/wp\/v2\/pages\/330\/revisions"}],"predecessor-version":[{"id":516,"href":"https:\/\/cespad.org.hn\/pje\/wp-json\/wp\/v2\/pages\/330\/revisions\/516"}],"wp:attachment":[{"href":"https:\/\/cespad.org.hn\/pje\/wp-json\/wp\/v2\/media?parent=330"}],"curies":[{"name":"wp","href":"https:\/\/api.w.org\/{rel}","templated":true}]}}